{"id":336,"date":"2018-06-08T15:37:26","date_gmt":"2018-06-08T13:37:26","guid":{"rendered":"http:\/\/maisonecohuis.be\/?page_id=336"},"modified":"2026-03-16T11:47:15","modified_gmt":"2026-03-16T10:47:15","slug":"plan-dactions-agenda-21-local","status":"publish","type":"page","link":"https:\/\/maisonecohuis.be\/?page_id=336","title":{"rendered":"Plan Climat"},"content":{"rendered":"\n<p class=\"has-medium-font-size\">Pour plus d&rsquo;informations vous pouvez consulter :<\/p>\n\n\n\n<ul class=\"wp-block-list\">\n<li class=\"has-medium-font-size\"><a href=\"https:\/\/www.calameo.com\/read\/00778398480ed5e6e36ed\" target=\"_blank\" rel=\"noopener\" title=\"\">Le Plan Climat <\/a><\/li>\n\n\n\n<li class=\"has-medium-font-size\"><a href=\"https:\/\/www.calameo.com\/read\/00778398451801cb68e1d\" target=\"_blank\" rel=\"noopener\" title=\"L'\u00e9tude de vuln\u00e9rabilit\u00e9 du territoire r\u00e9alis\u00e9e avec le Centre d'\u00c9cologie Urbaine\">L&rsquo;\u00e9tude de vuln\u00e9rabilit\u00e9 du territoire r\u00e9alis\u00e9e avec le Centre d&rsquo;\u00c9cologie Urbaine<\/a><\/li>\n\n\n\n<li>La liste des actions du Plan climat ci-dessous :<\/li>\n<\/ul>\n\n\n\n<div data-wp-interactive=\"core\/file\" class=\"wp-block-file\" style=\"margin-top:0;margin-right:0;margin-bottom:0;margin-left:0;padding-top:0;padding-right:0;padding-bottom:0;padding-left:0\"><object data-wp-bind--hidden=\"!state.hasPdfPreview\" hidden class=\"wp-block-file__embed\" data=\"https:\/\/maisonecohuis.be\/wp-content\/uploads\/2026\/03\/PAC-tableau_FR-1.pdf\" type=\"application\/pdf\" style=\"width:100%;height:340px\" aria-label=\"Contenu embarqu\u00e9 PAC tableau_FR.\"><\/object><a id=\"wp-block-file--media-c594a958-0654-4c02-abd6-318a6b3f100d\" href=\"https:\/\/maisonecohuis.be\/wp-content\/uploads\/2026\/03\/PAC-tableau_FR-1.pdf\">PAC tableau_FR<\/a><a href=\"https:\/\/maisonecohuis.be\/wp-content\/uploads\/2026\/03\/PAC-tableau_FR-1.pdf\" class=\"wp-block-file__button wp-element-button\" download aria-describedby=\"wp-block-file--media-c594a958-0654-4c02-abd6-318a6b3f100d\">T\u00e9l\u00e9charger<\/a><\/div>\n\n\n\n<h2 class=\"wp-block-heading has-x-large-font-size\"><strong>Le Plan Climat saint-gillois<\/strong><\/h2>\n\n\n\n<p>La Commune de Saint-Gilles relance son engagement en faveur de la lutte contre le d\u00e9r\u00e8glement climatique avec un nouveau Plan Climat communal valid\u00e9 en juin 2024.<\/p>\n\n\n\n<p><\/p>\n\n\n\n<p class=\"has-vivid-green-cyan-color has-text-color has-link-color has-large-font-size wp-elements-e83d7f7386a1614356a6a7824082f96a\"><strong><em><u>Quels objectifs&nbsp;?<\/u><\/em><\/strong><\/p>\n\n\n\n<p>\u00c9volutif pour le mieux, l\u2019objectif initial de ce Plan Climat est d\u2019atteindre une r\u00e9duction de 40% des \u00e9missions de gaz \u00e0 effet de serre d\u2019ici 2030, la neutralit\u00e9 carbone en 2050 et la promotion d\u2019un territoire r\u00e9silient face aux changements climatiques. Toutefois, r\u00e9cemment, les institutions europ\u00e9ennes ont r\u00e9hauss\u00e9 cet objectif \u00e0 55% pour 2030 et 90% pour 2040, ambition que Saint-Gilles entend bien \u00e9videmment relever avec les mises \u00e0 jour successives de ce plan d\u2019action.<\/p>\n\n\n\n<p class=\"has-black-color has-text-color has-link-color wp-elements-6bdef88a103c67226a65109e6b9555c5\">Actuellement, <a>sur base des derni\u00e8res donn\u00e9es fournies par Bruxelles Environnement, les \u00e9missions directes de CO2 et indirectes li\u00e9es \u00e0 l\u2019\u00e9nergie de Saint-Gilles ont diminu\u00e9 de 39% depuis 1990.<\/a><\/p>\n\n\n\n<figure class=\"wp-block-image size-large\"><img loading=\"lazy\" decoding=\"async\" width=\"1024\" height=\"528\" src=\"https:\/\/maisonecohuis.be\/wp-content\/uploads\/2024\/10\/FR-Reduction-CO2-SAint-Gilles-scope-1-et-2-2-1024x528.jpg\" alt=\"Sch\u00e9ma de l'\u00e9volution des gaz \u00e0 effet de serre \u00e0 Saint-Gilles de 1990 \u00e0 2022.\" class=\"wp-image-4323\" srcset=\"https:\/\/maisonecohuis.be\/wp-content\/uploads\/2024\/10\/FR-Reduction-CO2-SAint-Gilles-scope-1-et-2-2-1024x528.jpg 1024w, https:\/\/maisonecohuis.be\/wp-content\/uploads\/2024\/10\/FR-Reduction-CO2-SAint-Gilles-scope-1-et-2-2-300x155.jpg 300w, https:\/\/maisonecohuis.be\/wp-content\/uploads\/2024\/10\/FR-Reduction-CO2-SAint-Gilles-scope-1-et-2-2-768x396.jpg 768w, https:\/\/maisonecohuis.be\/wp-content\/uploads\/2024\/10\/FR-Reduction-CO2-SAint-Gilles-scope-1-et-2-2.jpg 1405w\" sizes=\"auto, (max-width: 1024px) 100vw, 1024px\" \/><\/figure>\n\n\n\n<p class=\"has-black-color has-text-color has-link-color has-small-font-size wp-elements-3424000f7f3ae1f9d2abd4dc3eee5b6a\"><strong>NB&nbsp;:<\/strong> <a>Les \u00e9missions de carbone sont g\u00e9n\u00e9ralement class\u00e9es en trois cat\u00e9gories, ou \u00ab&nbsp;<em>scope<\/em>&nbsp;\u00bb (\u00ab&nbsp;p\u00e9rim\u00e8tre&nbsp;\u00bb en anglais) en fonction de leurs origines. Les calculs permis par les donn\u00e9es internes et re\u00e7ues de Bruxelles Environnement permettent pour le moment de calculer les \u00e9missions pour les scopes 1 et 2 (les \u00e9missions directes et celles indirectes li\u00e9es \u00e0 l\u2019\u00e9nergie). Toutefois, m\u00eame s\u2019ils donnent une tendance sur l\u2019\u00e9volution des \u00e9missions, c\u2019est dans le scope 3 que se trouvent la majorit\u00e9 de ces derni\u00e8res (toutes les \u00e9missions indirectes restantes comme les d\u00e9placements domicile-travail, les flux de mati\u00e8res entrantes et sortantes, gestion des d\u00e9chets\u2026). Ainsi, en parall\u00e8le d\u2019une r\u00e9flexion sur une m\u00e9thode d\u2019\u00c9valuation Environnementale des Budgets (approche financi\u00e8re compl\u00e9mentaire des inventaires GES), un travail d\u2019affinage des inventaire de GES est en cours avec Bruxelles Environnement afin d\u2019int\u00e9grer le scope 3 et tendre vers plus d\u2019exhaustivit\u00e9.<\/a><\/p>\n\n\n\n<p><\/p>\n\n\n\n<p class=\"has-vivid-green-cyan-color has-text-color has-link-color has-large-font-size wp-elements-9960d9177800c1faf7548db9c3c50395\"><em><strong><span style=\"text-decoration: underline;\">Un Plan Climat sur 7 th\u00e9matiques<\/span> <\/strong><\/em>:<\/p>\n\n\n\n<p class=\"has-medium-font-size\">1\/ <strong><em><u>\u00c9nergie et B\u00e2ti<\/u><\/em><\/strong><\/p>\n\n\n\n<p>Un b\u00e2ti plus sobre et aliment\u00e9 d\u2019\u00e9nergies d\u00e9carbon\u00e9es pour toutes et tous&nbsp;: communaut\u00e9s d\u2019\u00e9nergie, achats group\u00e9s, poses de panneaux solaires, remplacement de chaudi\u00e8res, r\u00e9novation et isolation thermique des b\u00e2timents, ateliers de sensibilisation aux consommations \u00e9nerg\u00e9tiques\u2026<\/p>\n\n\n\n<figure class=\"wp-block-image aligncenter size-full is-resized is-style-default\"><img loading=\"lazy\" decoding=\"async\" width=\"480\" height=\"320\" src=\"https:\/\/maisonecohuis.be\/wp-content\/uploads\/2024\/10\/PV-st-gilles-480x320-1.jpeg\" alt=\"Energie et b\u00e2ti, Plan Climat de Saint-Gilles (Bruxelles).\" class=\"wp-image-4324\" style=\"width:405px;height:auto\" srcset=\"https:\/\/maisonecohuis.be\/wp-content\/uploads\/2024\/10\/PV-st-gilles-480x320-1.jpeg 480w, https:\/\/maisonecohuis.be\/wp-content\/uploads\/2024\/10\/PV-st-gilles-480x320-1-300x200.jpeg 300w\" sizes=\"auto, (max-width: 480px) 100vw, 480px\" \/><\/figure>\n\n\n\n<p>Les investissements publics en mati\u00e8re de r\u00e9novation du b\u00e2ti et de requalification urbaine sont des opportunit\u00e9s pour r\u00e9duire notre empreinte \u00e9nerg\u00e9tique, am\u00e9liorer le cadre de vie des habitant\u00b7es et agir contre les in\u00e9galit\u00e9s environnementales dans les quartiers les plus d\u00e9favoris\u00e9s. De plus, pour les secteurs tertiaire et r\u00e9sidentiel (qui concentrent la majorit\u00e9 des consommations d\u2019\u00e9nergie sur le territoire), le chauffage repr\u00e9sente la plus grande part d\u2019utilisation de l\u2019\u00e9nergie (71% pour le r\u00e9sidentiel et 62% pour le tertiaire) ce qui montre clairement le potentiel de r\u00e9duction d\u2019\u00e9missions li\u00e9 aux actions de r\u00e9novations \u00e9nerg\u00e9tiques et thermique du b\u00e2ti.<\/p>\n\n\n\n<p><\/p>\n\n\n\n<p class=\"has-medium-font-size\">2\/ <strong><em><u>Mobilit\u00e9 et Qualit\u00e9 de l\u2019air<\/u><\/em><\/strong><\/p>\n\n\n\n<p>Un r\u00e9seau moins polluant avec une place centrale pour les mobilit\u00e9s actives et collectives afin de r\u00e9duire la pollution atmosph\u00e9rique et les \u00e9missions li\u00e9es aux transports&nbsp;: mise en sens unique de certaines rues, r\u00e9am\u00e9nagement de l\u2019espace public, campagnes de relev\u00e9s de la qualit\u00e9 de l\u2019air, promotion de l\u2019autopartage, \u00e9lectrification de la flotte de v\u00e9hicules communale\u2026<\/p>\n\n\n\n<figure class=\"wp-block-image aligncenter size-full is-resized\"><img loading=\"lazy\" decoding=\"async\" width=\"377\" height=\"263\" src=\"https:\/\/maisonecohuis.be\/wp-content\/uploads\/2024\/10\/image-1.png\" alt=\"Mobilit\u00e9 et qualit\u00e9 de l'air, Plan Climat de Saint-Gilles (Bruxelles).\" class=\"wp-image-4325\" style=\"width:373px;height:auto\" srcset=\"https:\/\/maisonecohuis.be\/wp-content\/uploads\/2024\/10\/image-1.png 377w, https:\/\/maisonecohuis.be\/wp-content\/uploads\/2024\/10\/image-1-300x209.png 300w\" sizes=\"auto, (max-width: 377px) 100vw, 377px\" \/><\/figure>\n\n\n\n<p>Les moteurs \u00e0 combustion g\u00e9n\u00e8rent une grande partie des pollutions atmosph\u00e9riques et l\u2019ambition du Plan Climat est de remplacer ces mobilit\u00e9s par d\u2019autres plus vertueuses au regard de la sant\u00e9 publique, des \u00e9missions de gaz \u00e0 effet de serre et du cadre de vie des habitants\u00b7es. La promotion des transports en commun, l\u2019am\u00e9nagement d\u2019espaces cyclables et l\u2019apaisement de la circulation sont autant de pistes pour contribuer \u00e0 ces objectifs.<\/p>\n\n\n\n<p><\/p>\n\n\n\n<p class=\"has-medium-font-size\">3\/ <strong><em><u>Alimentation durable<\/u><\/em><\/strong><\/p>\n\n\n\n<p>Des circuits d\u2019alimentation respectueux des \u00e9cosyst\u00e8mes et favorisant le local, le v\u00e9g\u00e9tal et les produits de saison&nbsp;: sensibiliser les \u00e9coles et les habitants\u00b7es, soutenir la labellisation GoodFood, lutte contre le gaspillage alimentaire, promotion de l\u2019agriculture biologique et urbaine\u2026<\/p>\n\n\n\n<figure class=\"wp-block-image aligncenter size-full is-resized\"><img loading=\"lazy\" decoding=\"async\" width=\"270\" height=\"360\" src=\"https:\/\/maisonecohuis.be\/wp-content\/uploads\/2024\/10\/image-2.png\" alt=\"Alimentation durable, Plan Climat de Saint-Gilles (Bruxelles).\" class=\"wp-image-4326\" style=\"width:264px;height:auto\" srcset=\"https:\/\/maisonecohuis.be\/wp-content\/uploads\/2024\/10\/image-2.png 270w, https:\/\/maisonecohuis.be\/wp-content\/uploads\/2024\/10\/image-2-225x300.png 225w\" sizes=\"auto, (max-width: 270px) 100vw, 270px\" \/><\/figure>\n\n\n\n<p>Notre alimentation constitue un levier consid\u00e9rable pour la r\u00e9duction des \u00e9missions de gaz \u00e0 effet de serre&nbsp;et la r\u00e9duction des atteintes \u00e0 l\u2019environnement dans les champs : les repas v\u00e9g\u00e9tariens sont tr\u00e8s nettement moins \u00e9metteurs en gaz \u00e0 effet de serre et la promotion des circuits courts d\u2019agriculture biologique permet de lutter efficacement contre l\u2019\u00e9rosion des sols des grandes exploitations, l\u2019\u00e9pandage abusif g\u00e9n\u00e9rateur de pollutions de l\u2019eau, l\u2019utilisation et le stockage irraisonn\u00e9 de cette derni\u00e8re dans des m\u00e9ga-bassines perturbant drastiquement le cycle de l\u2019eau et accaparant la ressource ou encore le recours \u00e0 des pesticides nocifs \u00e0 la sant\u00e9 humaine. Le Plan Climat souhaite alors faire la promotion des syst\u00e8mes alternatifs \u00e0 notre mod\u00e8le agricole actuel, dont la nocivit\u00e9 envers l\u2019environnement est chaque jour plus document\u00e9e.<\/p>\n\n\n\n<p><\/p>\n\n\n\n<p>4\/ <strong><em><u>Gestion des d\u00e9chets<\/u><\/em><\/strong><\/p>\n\n\n\n<p>Pr\u00e9venir les atteintes \u00e0 l\u2019environnement, recirculariser les flux de mati\u00e8res en favorisant les circuits-courts, la r\u00e9utilisation, la r\u00e9paration, la recyclage et le surcyclage : tri s\u00e9lectif, composts, valorisation, ateliers de sensibilisation\u2026<\/p>\n\n\n\n<figure class=\"wp-block-image aligncenter size-full is-resized\"><img loading=\"lazy\" decoding=\"async\" width=\"375\" height=\"282\" src=\"https:\/\/maisonecohuis.be\/wp-content\/uploads\/2024\/10\/image-3.png\" alt=\"Gestion des d\u00e9chets, Plan Climat de Saint-Gilles (Bruxelles).\" class=\"wp-image-4327\" style=\"width:359px;height:auto\" srcset=\"https:\/\/maisonecohuis.be\/wp-content\/uploads\/2024\/10\/image-3.png 375w, https:\/\/maisonecohuis.be\/wp-content\/uploads\/2024\/10\/image-3-300x226.png 300w\" sizes=\"auto, (max-width: 375px) 100vw, 375px\" \/><\/figure>\n\n\n\n<p>La valorisation, la r\u00e9utilisation ou le surcyclage permettent d\u2019\u00e9viter des \u00e9missions de CO2 en rendant inutile la production d\u2019un objet de remplacement \u00e0 l\u2019objet r\u00e9par\u00e9. En effet, r\u00e9parer sa roue de v\u00e9lo, sa bouilloire ou encore sa radio dans un RepairCaf\u00e9 permet d\u2019\u00e9viter d\u2019en produire une nouvelle&nbsp;! Le Plan Climat entend faire la promotion de ces circuits de valorisation pour agir, autant que possible, sur ces sources d\u2019\u00e9missions de CO2. Dans le m\u00eame esprit, le Plan Climat souhaite faire la promotion des contenants r\u00e9utilisables sur les march\u00e9s, des donneries et des d\u00e9chetteries mobiles ou encore de la r\u00e9duction de l\u2019utilisation de sacs plastiques dans les commerces.<\/p>\n\n\n\n<p><\/p>\n\n\n\n<p class=\"has-medium-font-size\">5\/ <strong><em><u>Nature en ville<\/u><\/em><\/strong><\/p>\n\n\n\n<p>Donner de meilleures conditions d\u2019existence \u00e0 la biodiversit\u00e9 dans l\u2019espace urbain et favoriser les \u00eelots de fra\u00eecheur en donnant une plus grande pr\u00e9sence au v\u00e9g\u00e9tal&nbsp;: fa\u00e7ades et toitures v\u00e9g\u00e9talis\u00e9s, am\u00e9nagements de pieds d\u2019arbres, pose de nichoirs et de ruches pour abeilles sauvages, chantiers de d\u00e9min\u00e9ralisation\u2026<\/p>\n\n\n\n<figure class=\"wp-block-image aligncenter size-full is-resized\"><img loading=\"lazy\" decoding=\"async\" width=\"260\" height=\"343\" src=\"http:\/\/maisonecohuis.be\/wp-content\/uploads\/2024\/10\/image.png\" alt=\"Nature en ville, Plan Climat de Saint-Gilles (Bruxelles).\" class=\"wp-image-4318\" style=\"width:262px;height:auto\" srcset=\"https:\/\/maisonecohuis.be\/wp-content\/uploads\/2024\/10\/image.png 260w, https:\/\/maisonecohuis.be\/wp-content\/uploads\/2024\/10\/image-227x300.png 227w\" sizes=\"auto, (max-width: 260px) 100vw, 260px\" \/><\/figure>\n\n\n\n<p>L\u2019int\u00e9gration syst\u00e9matique de plantation d\u2019arbres, de petite v\u00e9g\u00e9tation ou d\u2019enherbement dans les op\u00e9rations de requalification urbaine permet davantage de lutter contre les \u00eelots de chaleur urbain que de s\u00e9questrer du carbone. Il s\u2019agit d\u2019un enjeux fort pour cr\u00e9er une ville agr\u00e9able \u00e0 vivre pour la seconde moiti\u00e9 du 21<sup>\u00e8me<\/sup> si\u00e8cle. De fa\u00e7on non-n\u00e9gligeable s\u2019ajoute aussi le fait que ces am\u00e9nagements constituent de nouveaux habitats pour la biodiversit\u00e9 et offrent \u00e0 penser des couloirs \u00e9cologiques en milieu urbain pour cette derni\u00e8re.<\/p>\n\n\n\n<p><\/p>\n\n\n\n<p>6\/ <strong><em><u>Gestion de l\u2019Eau<\/u><\/em><\/strong><\/p>\n\n\n\n<p>Assurer la pr\u00e9vention des risques dans les zones les plus expos\u00e9es aux inondations, rafra\u00eechir l\u2019espace urbain et offrir de nouveaux refuges \u00e0 la biodiversit\u00e9&nbsp;: maillage citerne, installations de fontaines, cr\u00e9ation de noues\u2026<\/p>\n\n\n\n<figure class=\"wp-block-image aligncenter size-full is-resized\"><img loading=\"lazy\" decoding=\"async\" width=\"273\" height=\"362\" src=\"https:\/\/maisonecohuis.be\/wp-content\/uploads\/2024\/10\/image-4.png\" alt=\"Gestion de l'eau, Plan Climat de Saint-Gilles (Bruxelles).\" class=\"wp-image-4328\" style=\"width:257px;height:auto\" srcset=\"https:\/\/maisonecohuis.be\/wp-content\/uploads\/2024\/10\/image-4.png 273w, https:\/\/maisonecohuis.be\/wp-content\/uploads\/2024\/10\/image-4-226x300.png 226w\" sizes=\"auto, (max-width: 273px) 100vw, 273px\" \/><\/figure>\n\n\n\n<p>Davantage attach\u00e9e \u00e0 l\u2019adaptation du territoire aux conditions climatiques futures, cette partie du Plan Climat vise avant tout \u00e0 rendre sa libert\u00e9 \u00e0 l\u2019eau autant que possible, d\u00e9velopper sa pr\u00e9sence dans l\u2019espace urbain pour favoriser les \u00eelots de fra\u00eecheur et la rendre disponible pour la biodiversit\u00e9.<\/p>\n\n\n\n<p><\/p>\n\n\n\n<p>7\/ <strong><em><u>Gouvernance<\/u><\/em><\/strong><\/p>\n\n\n\n<p>D\u00e9cloisonner la politique climatique communale en proposant de nouvelles instances de consultation et de co-construction&nbsp;: consultations citoyennes en ligne et dans les \u00e9coles, constitution d\u2019un collectif saint-gillois sur les enjeux climatiques, suivi transparent de l\u2019avancement des politiques via de l\u2019affichage en ligne.<\/p>\n\n\n\n<figure class=\"wp-block-image aligncenter size-full is-resized\"><img loading=\"lazy\" decoding=\"async\" width=\"262\" height=\"349\" src=\"https:\/\/maisonecohuis.be\/wp-content\/uploads\/2024\/10\/image-6.png\" alt=\"Gouvernance, Plan Climat de Saint-Gilles (Bruxelles).\" class=\"wp-image-4330\" style=\"width:232px;height:auto\" srcset=\"https:\/\/maisonecohuis.be\/wp-content\/uploads\/2024\/10\/image-6.png 262w, https:\/\/maisonecohuis.be\/wp-content\/uploads\/2024\/10\/image-6-225x300.png 225w\" sizes=\"auto, (max-width: 262px) 100vw, 262px\" \/><\/figure>\n\n\n\n<p>L\u2019objectif de cette partie du Plan Climat est de rendre possible sa critique constructive et de faire la promotion d\u2019une d\u00e9mocratie la plus participative possible au sujet politiques climatiques locales. Les expertises citoyennes sont nombreuses et devraient \u00eatre entendues pour ce qu\u2019elles am\u00e8nent en termes de techniques scientifiques mais aussi d\u2019analyses sensibles du territoire. \u00c0 l\u2019instar des cartographies participatives brod\u00e9es qui avaient \u00e9t\u00e9 r\u00e9alis\u00e9es avec les habitants\u00b7es, ces ressentis aident \u00e0 comprendre la perception du territoire par ces derniers\u00b7\u00e8res et nourrissent la priorisation des actions \u00e0 mettre en place.<\/p>\n\n\n\n<p><\/p>\n\n\n\n<p class=\"has-vivid-green-cyan-color has-text-color has-link-color has-large-font-size wp-elements-7fc278d8e914baea9ecc76a040092e78\"><strong><em><u>Un Plan Climat co-construit avec les citoyens\u00b7nes, les services communaux et r\u00e9gionaux<\/u><\/em><\/strong> :<\/p>\n\n\n\n<p>Des campagnes de participation citoyenne&nbsp;:<\/p>\n\n\n\n<ul class=\"wp-block-list\">\n<li>CitizenLab&nbsp;: enqu\u00eate en ligne et int\u00e9gration des id\u00e9es citoyennes dans le Plan Climat.<\/li>\n<\/ul>\n\n\n\n<ul class=\"wp-block-list\">\n<li>Conseil des Acteurs Cl\u00e9s pour le Climat de Saint-Gilles \u2013 CACC &#8211;&nbsp;: cr\u00e9ation d\u2019un collectif d\u2019acteurs\u00b7rices saint-gillois\u00b7es d\u00e9di\u00e9 aux enjeux climatiques et \u00e0 l\u2019analyse critique du Plan Climat.<\/li>\n<\/ul>\n\n\n\n<ul class=\"wp-block-list\">\n<li>KinderKlimaatRaad&nbsp;: recommandations des enfants lors de s\u00e9ances de sensibilisation.<\/li>\n<\/ul>\n\n\n\n<p>Mais aussi : <\/p>\n\n\n\n<ul class=\"wp-block-list\">\n<li>Une \u00e9tude de vuln\u00e9rabilit\u00e9 du territoire r\u00e9alis\u00e9e en partenariat avec le Centre d\u2019\u00c9cologie Urbaine mettant en relief les in\u00e9galit\u00e9s environnementales \u00e0 Saint-Gilles&nbsp;: du fait de leur composition urbanistique (manque de v\u00e9g\u00e9talisation ou d\u2019acc\u00e8s \u00e0 des parcs publics, forte exposition au trafic routier, proximit\u00e9 aux cours d\u2019eau, forte min\u00e9ralisation et densit\u00e9 de population\u2026) ou<strong> <\/strong>sociale (revenus moins \u00e9lev\u00e9s, taux de ch\u00f4mage \u00e9lev\u00e9, plus grand pourcentage d\u2019ayant-droit \u00e0 l\u2019intervention major\u00e9e\u2026) certains quartiers de Saint-Gilles concentrent la majorit\u00e9 des risques climatiques qu\u2019il s\u2019agit de r\u00e9sorber pour lutter contre le d\u00e9r\u00e8glement climatique et en faveur de la justice environnementale. Cette dimension sociale du Plan Climat est activement d\u00e9fendue activement par une priorisation des zones les plus expos\u00e9es.<\/li>\n<\/ul>\n\n\n\n<ul class=\"wp-block-list\">\n<li>L\u2019expertise de l\u2019ensemble des services communaux&nbsp;: pour la cr\u00e9ation du Plan Climat les services apportent leurs comp\u00e9tences respectives. Ces expertises tr\u00e8s diverses permettent d\u2019int\u00e9grer plus de transversalit\u00e9 (faire des ponts entre les diff\u00e9rents champs de l\u2019action communale pour plus de coh\u00e9rence et d\u2019efficacit\u00e9)&nbsp;en int\u00e9grant les enjeux climatiques dans la construction des projets communaux.<\/li>\n<\/ul>\n\n\n\n<p><\/p>\n\n\n\n<p class=\"has-vivid-green-cyan-color has-text-color has-link-color has-large-font-size wp-elements-5cf7910fe1958818cedf45b3c523cf3a\"><strong><em><u>Att\u00e9nuation et Adaptation&nbsp;:<\/u><\/em><\/strong><\/p>\n\n\n\n<p>Les actions du Plan Climat peuvent \u00eatre vues sous l\u2019angle de deux notions clefs essentielles \u00e0 la bonne mise en \u0153uvre des politiques climatiques&nbsp;: att\u00e9nuation et adaptation.<\/p>\n\n\n\n<p><strong>Les actions d\u2019<em><u>att\u00e9nuation<\/u><\/em> du r\u00e9chauffement climatique&nbsp;:<\/strong><\/p>\n\n\n\n<ul class=\"wp-block-list\">\n<li>Elles visent la r\u00e9duction des \u00e9missions de gaz \u00e0 effet de serre afin de limiter l\u2019ampleur du r\u00e9chauffement en cours et \u00e0 venir.<\/li>\n<\/ul>\n\n\n\n<p>Quelques exemples :<\/p>\n\n\n\n<ul class=\"wp-block-list\">\n<li>Mieux isoler les logements pour en r\u00e9duire les consommations \u00e9nerg\u00e9tiques et donc les \u00e9missions de carbone li\u00e9es \u00e0 l\u2019utilisation d\u2019\u00e9nergie&nbsp;;<\/li>\n\n\n\n<li>Favoriser les mobilit\u00e9s actives comme lors du Vollenbike, les voitures \u00e9lectriques via l\u2019installation de bornes de recharge ou encore la gestion raisonn\u00e9e de la circulation comme dans le cadre du quartier apais\u00e9 Parvi(S) ou r\u00e9am\u00e9nagement de l\u2019avenue du Parc ou de la rue Moris&nbsp;;<\/li>\n\n\n\n<li>Relocaliser la production d\u2019\u00e9nergie via des installations de panneaux solaires comme dans le cadre des communaut\u00e9s d\u2019\u00e9nergie implant\u00e9es sur le territoire ou les concessions d\u2019installation de panneaux photovolta\u00efques sur les \u00e9tablissements publics&nbsp;;<\/li>\n\n\n\n<li>Int\u00e9grer une offre de repas v\u00e9g\u00e9tarien dans les menus des cantines scolaires et sensibiliser sur l\u2019impact carbone de notre alimentation (notamment la consommation de viande rouge).<\/li>\n<\/ul>\n\n\n\n<p><strong>Les actions <u>d<em>\u2019adaptation<\/em><\/u> au r\u00e9chauffement climatique&nbsp;:<\/strong><\/p>\n\n\n\n<ul class=\"wp-block-list\">\n<li>Elles visent quant \u00e0 elles \u00e0 modeler le territoire de sorte \u00e0 le rendre plus r\u00e9silient, viable et agr\u00e9able face aux changements in\u00e9vitables, d\u00e9j\u00e0 en cours ou \u00e0 venir.<\/li>\n<\/ul>\n\n\n\n<p>Quelques exemples :<\/p>\n\n\n\n<ul class=\"wp-block-list\">\n<li>V\u00e9g\u00e9talisation de l\u2019espace public et des cours d\u2019\u00e9coles pour lutter contre les effets d\u2019\u00eelot de chaleur urbain,<\/li>\n\n\n\n<li>D\u00e9min\u00e9ralisations pour am\u00e9liorer l\u2019infiltration des eaux de pluie en cas de fortes pr\u00e9cipitations,<\/li>\n\n\n\n<li>Installation de fontaines \u00e0 eau&nbsp;pour le confort d\u2019\u00e9t\u00e9 et l\u2019acc\u00e8s \u00e0 cette ressource pour toutes et tous,<\/li>\n\n\n\n<li>Isolation des b\u00e2timents pour le confort thermique d\u2019\u00e9t\u00e9<\/li>\n<\/ul>\n\n\n\n<p><\/p>\n\n\n\n<p>Via les nombreuses actions inscrites dans le Plan Climat (plus d\u2019une centaine), la Commune souhaite poursuivre ses efforts en la mati\u00e8re et accompagner le territoire dans la r\u00e9duction des \u00e9missions de GES et son adaptation aux conditions climatiques futures. Enfin, en insistant sur la n\u00e9cessaire r\u00e9duction des in\u00e9galit\u00e9s environnementales le Plan Climat Saint-gillois aspire aussi \u00e0 concilier approches sociales et environnementales, humaine et non-humaine.<\/p>\n\n\n\n<p><\/p>\n\n\n\n<p>Mais aussi : <br>\u2234&nbsp;La Plateforme Citizenlab :&nbsp;<a href=\"http:\/\/maisonecohuis.be\/wp-content\/uploads\/2022\/07\/Article-CitizenLab_compressed.pdf\" target=\"_blank\" rel=\"noopener\" title=\"\">lisez notre article.<\/a><br>\u2234&nbsp;En 2022, 4 \u00e9coles primaires n\u00e9erlandophones ont particip\u00e9 au KlimaatKinderRaad. Un groupe de repr\u00e9sentant des \u00e9l\u00e8ves de 5\u00e8me ann\u00e9e a \u00e9t\u00e9 inform\u00e9 sur les grands enjeux climatiques.&nbsp;<a href=\"http:\/\/maisonecohuis.be\/wp-content\/uploads\/2022\/07\/KinderJKlimaatRaad-lien-FR_compressed.pdf\" target=\"_blank\" rel=\"noopener\" title=\"\">Ils ont \u00e9labor\u00e9 une liste de pistes d\u2019actions.<\/a><br>\u2234&nbsp;Vous souhaitez vous informer sur les changements climatiques ? R\u00e9fl\u00e9chir en groupe \u00e0 des solutions ? Participez \u00e0 une fresque du climat : des ateliers sont r\u00e9guli\u00e8rement organis\u00e9s \u00e0 la MaisonEcoHuis. N\u2019h\u00e9sitez pas non plus \u00e0 nous faire vos demandes d\u2019animations de fresques du climat. Infos :&nbsp;<a href=\"mailto:maisonecohuis@stgilles.brussels\" target=\"_blank\" rel=\"noopener\" title=\"\">maisonecohuis@stgilles.brussels<\/a><br>\u2234&nbsp;Pour impliquer les entreprises, associations, commerces, \u2026dans le plan climat un Conseil des Acteurs Cl\u00e9 pour le Climat s\u2019est r\u00e9uni plusieurs fois en 2023 et 2024. Si vous souhaitez le rejoindre avec votre organisation, contactez-nous !<\/p>\n\n\n\n<p>Quelques ressources pour vous informer davantage:<br><a href=\"https:\/\/environnement.brussels\/citoyen\/outils-et-donnees\/etat-des-lieux-de-lenvironnement\/climat-etat-des-lieux\" target=\"_blank\" rel=\"noopener\" title=\"Bruxelles Environnement \/ Climat\">Bruxelles Environnement \/ Climat<\/a><br><a href=\"https:\/\/www.youtube.com\/watch?v=T4LVXCCmIKA\" target=\"_blank\" rel=\"noopener\" title=\"\">Comprendre le r\u00e9chauffement climatique en 4 minutes \u2013 Le Monde<\/a><br><a href=\"https:\/\/www.youtube.com\/watch?v=zBSINdM_Ixc\" target=\"_blank\" rel=\"noopener\" title=\"\">Le Dessous des cartes d\u2019Arte \u2013 Climat : le d\u00e9r\u00e8glement c\u2019est maintenant !<\/a><br><a href=\"https:\/\/www.youtube.com\/watch?v=iCDYAunYQFA\" target=\"_blank\" rel=\"noopener\" title=\"\">Comment limiter le r\u00e9chauffement climatique \u00e0 1,5\u00b0C \u2013 Brut<\/a><\/p>\n\n\n\n<p><\/p>\n","protected":false},"excerpt":{"rendered":"<p>Pour plus d&rsquo;informations vous pouvez consulter : Le Plan Climat saint-gillois La Commune de Saint-Gilles relance son engagement en faveur de la lutte contre le [&hellip;] <span class=\"read-more-link\"><a class=\"read-more\" href=\"https:\/\/maisonecohuis.be\/?page_id=336\">Read More<\/a><\/span><\/p>\n","protected":false},"author":1,"featured_media":3665,"parent":0,"menu_order":0,"comment_status":"closed","ping_status":"closed","template":"","meta":{"om_disable_all_campaigns":false,"_monsterinsights_skip_tracking":false,"_monsterinsights_sitenote_active":false,"_monsterinsights_sitenote_note":"","_monsterinsights_sitenote_category":0,"_uf_show_specific_survey":0,"_uf_disable_surveys":false,"footnotes":""},"class_list":["post-336","page","type-page","status-publish","has-post-thumbnail","hentry"],"aioseo_notices":[],"_links":{"self":[{"href":"https:\/\/maisonecohuis.be\/index.php?rest_route=\/wp\/v2\/pages\/336","targetHints":{"allow":["GET"]}}],"collection":[{"href":"https:\/\/maisonecohuis.be\/index.php?rest_route=\/wp\/v2\/pages"}],"about":[{"href":"https:\/\/maisonecohuis.be\/index.php?rest_route=\/wp\/v2\/types\/page"}],"author":[{"embeddable":true,"href":"https:\/\/maisonecohuis.be\/index.php?rest_route=\/wp\/v2\/users\/1"}],"replies":[{"embeddable":true,"href":"https:\/\/maisonecohuis.be\/index.php?rest_route=%2Fwp%2Fv2%2Fcomments&post=336"}],"version-history":[{"count":40,"href":"https:\/\/maisonecohuis.be\/index.php?rest_route=\/wp\/v2\/pages\/336\/revisions"}],"predecessor-version":[{"id":6031,"href":"https:\/\/maisonecohuis.be\/index.php?rest_route=\/wp\/v2\/pages\/336\/revisions\/6031"}],"wp:featuredmedia":[{"embeddable":true,"href":"https:\/\/maisonecohuis.be\/index.php?rest_route=\/wp\/v2\/media\/3665"}],"wp:attachment":[{"href":"https:\/\/maisonecohuis.be\/index.php?rest_route=%2Fwp%2Fv2%2Fmedia&parent=336"}],"curies":[{"name":"wp","href":"https:\/\/api.w.org\/{rel}","templated":true}]}}