{"id":2949,"date":"2023-04-19T14:27:47","date_gmt":"2023-04-19T12:27:47","guid":{"rendered":"http:\/\/maisonecohuis.be\/?page_id=2949"},"modified":"2026-03-10T10:06:11","modified_gmt":"2026-03-10T09:06:11","slug":"saint-gilles-for-bees","status":"publish","type":"page","link":"https:\/\/maisonecohuis.be\/?page_id=2949","title":{"rendered":"Saint-Gilles For Bees"},"content":{"rendered":"\n<p>Les abeilles nous rendent chaque jour des services essentiels. En visitant les fleurs pour y r\u00e9colter du pollen et du nectar, elles transportent involontairement le pollen d\u2019une plante \u00e0 l\u2019autre. C\u2019est gr\u00e2ce \u00e0 elles que de nombreuses plantes peuvent se reproduire, donner des graines et produire des fruits.<\/p>\n\n\n\n<p>On estime que pr\u00e8s de <strong>90\u202f% des plantes \u00e0 fleurs d\u00e9pendent des insectes pollinisateurs<\/strong> pour assurer leur reproduction sexu\u00e9e, et donc la production de fruits et de graines.<br>En Europe, environ <strong>35\u202f% de la production agricole d\u00e9pend directement de ces insectes<\/strong>, ce qui repr\u00e9sente environ <strong>75\u202f% de la diversit\u00e9 alimentaire<\/strong> disponible dans nos assiettes.<br>Ce service \u00e9cologique, fourni gratuitement, est estim\u00e9 entre <strong>235 et 577\u202fmilliards de dollars<\/strong> par an \u00e0 l\u2019\u00e9chelle mondiale.<br>Les insectes pollinisateurs sont donc indispensables \u00e0 notre alimentation et travaillent, litt\u00e9ralement, pour toute l\u2019humanit\u00e9.<\/p>\n\n\n\n<p>Contrairement \u00e0 ce qu\u2019on imagine souvent, <strong>la pollinisation n\u2019est pas assur\u00e9e uniquement par l\u2019abeille domestique<\/strong>, celle qui produit du miel. Une foule d\u2019autres insectes pollinisateurs \u2014 <strong>bourdons, osmies, andr\u00e8nes, m\u00e9gachiles, halictes<\/strong>, mais aussi <strong>mouches, papillons ou col\u00e9opt\u00e8res<\/strong> \u2014 participent eux aussi \u00e0 ce travail indispensable.<\/p>\n\n\n\n<p>Pourtant, ces insectes d\u00e9clinent fortement depuis une trentaine d\u2019ann\u00e9es. Les \u00e9tudes europ\u00e9ennes rapportent une chute tr\u00e8s importante des populations d\u2019insectes, li\u00e9e notamment \u00e0 l\u2019usage des pesticides et insecticides, \u00e0 la perte et \u00e0 la fragmentation des habitats, \u00e0 l\u2019urbanisation, ainsi qu\u2019aux effets du changement climatique.<br>Cette diminution massive fragilise les \u00e9cosyst\u00e8mes mais aussi notre s\u00e9curit\u00e9 alimentaire.<\/p>\n\n\n\n<p>\u00c0 Saint\u2011Gilles, tout comme dans le reste de Bruxelles, ces petites cr\u00e9atures constituent un maillon essentiel de la nature en ville. <strong>En les prot\u00e9geant, nous renfor\u00e7ons la biodiversit\u00e9 et la sant\u00e9 de nos quartiers.<\/strong><\/p>\n\n\n\n<div style=\"height:20px\" aria-hidden=\"true\" class=\"wp-block-spacer\"><\/div>\n\n\n\n<h5 class=\"wp-block-heading\">\ud83d\udc1d <strong><em>Les abeilles sauvages : une incroyable diversit\u00e9<\/em><\/strong><\/h5>\n\n\n\n<p>Dans le monde, on compte environ <strong>20\u202f000 esp\u00e8ces d\u2019abeilles sauvages<\/strong>.<br>En Belgique, plus de <strong>400 esp\u00e8ces<\/strong> sont pr\u00e9sentes, dont environ <strong>200 en R\u00e9gion Bruxelles\u2011Capitale<\/strong>.<\/p>\n\n\n\n<p>Ces abeilles sont pour la plupart <strong>solitaires<\/strong>, ce qui signifie que chaque femelle construit son propre nid. Certaines vivent n\u00e9anmoins en petites colonies, comme les bourdons.<\/p>\n\n\n\n<figure class=\"wp-block-gallery has-nested-images columns-default is-cropped wp-block-gallery-1 is-layout-flex wp-block-gallery-is-layout-flex\">\n<figure class=\"wp-block-image size-large\"><a href=\"https:\/\/maisonecohuis.be\/wp-content\/uploads\/2026\/02\/Cahier-de-balades_1060forbees_fr-1_page-0001-compress.png\"><img loading=\"lazy\" decoding=\"async\" width=\"1024\" height=\"924\" data-id=\"5862\" src=\"https:\/\/maisonecohuis.be\/wp-content\/uploads\/2026\/02\/Cahier-de-balades_1060forbees_fr-1_page-0001-compress-1024x924.png\" alt=\"\" class=\"wp-image-5862\" srcset=\"https:\/\/maisonecohuis.be\/wp-content\/uploads\/2026\/02\/Cahier-de-balades_1060forbees_fr-1_page-0001-compress-1024x924.png 1024w, https:\/\/maisonecohuis.be\/wp-content\/uploads\/2026\/02\/Cahier-de-balades_1060forbees_fr-1_page-0001-compress-300x271.png 300w, https:\/\/maisonecohuis.be\/wp-content\/uploads\/2026\/02\/Cahier-de-balades_1060forbees_fr-1_page-0001-compress-768x693.png 768w, https:\/\/maisonecohuis.be\/wp-content\/uploads\/2026\/02\/Cahier-de-balades_1060forbees_fr-1_page-0001-compress-1536x1386.png 1536w, https:\/\/maisonecohuis.be\/wp-content\/uploads\/2026\/02\/Cahier-de-balades_1060forbees_fr-1_page-0001-compress.png 1882w\" sizes=\"auto, (max-width: 1024px) 100vw, 1024px\" \/><\/a><\/figure>\n<\/figure>\n\n\n\n<p>Elles utilisent diff\u00e9rents types de g\u00eetes :<\/p>\n\n\n\n<ul class=\"wp-block-list\">\n<li><strong>Abeilles terricoles<\/strong> (70% des esp\u00e8ces) : elles nichent dans la terre, dans les joints sableux entre les pav\u00e9s ou dans les talus.<\/li>\n\n\n\n<li><strong>Abeilles caulicoles<\/strong> (30% des esp\u00e8ces) : elles s\u2019installent dans des cavit\u00e9s existantes (trous dans les murs, tiges creuses\u2026).<\/li>\n\n\n\n<li><strong>Abeilles rubicoles<\/strong> : elles creusent leur nid dans les tiges \u00e0 moelle, comme celles du sureau ou du framboisier.<\/li>\n<\/ul>\n\n\n\n<p>On peut parfois rep\u00e9rer leurs \u201cbourgades\u201d gr\u00e2ce aux petits monticules de sable perfor\u00e9s d\u2019un trou bien rond entre les dalles des trottoirs.<\/p>\n\n\n\n<figure class=\"wp-block-gallery has-nested-images columns-default is-cropped wp-block-gallery-2 is-layout-flex wp-block-gallery-is-layout-flex\">\n<figure class=\"wp-block-image size-large\"><a href=\"https:\/\/maisonecohuis.be\/wp-content\/uploads\/2023\/04\/abeille-2.jpg\"><img loading=\"lazy\" decoding=\"async\" width=\"683\" height=\"683\" data-id=\"2952\" src=\"https:\/\/maisonecohuis.be\/wp-content\/uploads\/2023\/04\/abeille-2.jpg\" alt=\"\" class=\"wp-image-2952\" srcset=\"https:\/\/maisonecohuis.be\/wp-content\/uploads\/2023\/04\/abeille-2.jpg 683w, https:\/\/maisonecohuis.be\/wp-content\/uploads\/2023\/04\/abeille-2-150x150.jpg 150w, https:\/\/maisonecohuis.be\/wp-content\/uploads\/2023\/04\/abeille-2-300x300.jpg 300w\" sizes=\"auto, (max-width: 683px) 100vw, 683px\" \/><\/a><\/figure>\n\n\n\n<figure class=\"wp-block-image size-large\"><a href=\"https:\/\/maisonecohuis.be\/wp-content\/uploads\/2023\/04\/abeille-1.jpg\"><img loading=\"lazy\" decoding=\"async\" width=\"681\" height=\"681\" data-id=\"2950\" src=\"https:\/\/maisonecohuis.be\/wp-content\/uploads\/2023\/04\/abeille-1.jpg\" alt=\"\" class=\"wp-image-2950\" srcset=\"https:\/\/maisonecohuis.be\/wp-content\/uploads\/2023\/04\/abeille-1.jpg 681w, https:\/\/maisonecohuis.be\/wp-content\/uploads\/2023\/04\/abeille-1-150x150.jpg 150w, https:\/\/maisonecohuis.be\/wp-content\/uploads\/2023\/04\/abeille-1-300x300.jpg 300w\" sizes=\"auto, (max-width: 681px) 100vw, 681px\" \/><\/a><\/figure>\n<figcaption class=\"blocks-gallery-caption wp-element-caption\">\u00a9 Apis Brussels<\/figcaption><\/figure>\n\n\n\n<p>Leur taille varie beaucoup \u2014 de <strong>2 mm \u00e0 3 cm<\/strong> \u2014 et cela influence les fleurs qu\u2019elles visitent.<br>Certaines sont g\u00e9n\u00e9ralistes, d\u2019autres ne se nourrissent que sur une seule esp\u00e8ce de plante. Leur rayon de d\u00e9placement \u00e9tant limit\u00e9 (quelques dizaines \u00e0 centaines de m\u00e8tres), elles doivent trouver <strong>le g\u00eete et le couvert<\/strong> \u00e0 proximit\u00e9 imm\u00e9diate.<\/p>\n\n\n\n<div style=\"height:20px\" aria-hidden=\"true\" class=\"wp-block-spacer\"><\/div>\n\n\n\n<h4 class=\"wp-block-heading\">\ud83c\udf3c <strong><em>Un territoire urbain encore m\u00e9connu<\/em><\/strong><\/h4>\n\n\n\n<p>Bien que tr\u00e8s urbanis\u00e9e, la commune de Saint\u2011Gilles abrite une diversit\u00e9 biologique int\u00e9ressante. Les premi\u00e8res \u00e9tudes r\u00e9alis\u00e9es ont d\u00e9j\u00e0 permis d\u2019observer <strong>plus d\u2019une quarantaine d\u2019esp\u00e8ces d\u2019abeilles sauvages<\/strong> sur le territoire \u2014 soit environ un cinqui\u00e8me de la diversit\u00e9 bruxelloise !<\/p>\n\n\n\n<p>Le projet <strong>\u00ab\u202fSt\u2011Gilles For Bees\u202f\u00bb<\/strong> a \u00e9t\u00e9 lanc\u00e9 pour mieux conna\u00eetre et prot\u00e9ger cette biodiversit\u00e9.<\/p>\n\n\n\n<h6 class=\"wp-block-heading\">Un projet coordonn\u00e9 par :<\/h6>\n\n\n\n<ul class=\"wp-block-list\">\n<li><strong>La Commune de Saint\u2011Gilles \u2013 Service Climat &amp; Biodiversit\u00e9<\/strong> (MaisonEcoHuis)<\/li>\n\n\n\n<li>En collaboration avec <strong><a href=\"https:\/\/www.apis.brussels\/\" target=\"_blank\" rel=\"noopener\" title=\"\">Apis Brussels<\/a><\/strong>, association sp\u00e9cialis\u00e9e dans l\u2019\u00e9tude et la protection des abeilles sauvages \u00e0 Bruxelles.<\/li>\n<\/ul>\n\n\n\n<p>L\u2019objectif est double :<\/p>\n\n\n\n<ol class=\"wp-block-list\">\n<li><strong>Mieux comprendre<\/strong> les esp\u00e8ces pr\u00e9sentes et leurs besoins (inventaires des abeilles et de la v\u00e9g\u00e9tation).<\/li>\n\n\n\n<li><strong>Cr\u00e9er un territoire accueillant<\/strong> gr\u00e2ce \u00e0 des am\u00e9nagements favorables \u00e0 leur alimentation et leur nidification.<\/li>\n<\/ol>\n\n\n\n<div class=\"wp-block-buttons is-content-justification-center is-layout-flex wp-container-core-buttons-is-layout-a89b3969 wp-block-buttons-is-layout-flex\">\n<div class=\"wp-block-button is-style-outline is-style-outline--3\"><a class=\"wp-block-button__link has-pale-ocean-gradient-background has-background wp-element-button\" href=\"http:\/\/maisonecohuis.be\/wp-content\/uploads\/2026\/02\/Inventaire-donnees-croisees.pdf\" target=\"_blank\" rel=\"noreferrer noopener\">D\u00e9couvrez l&rsquo;inventaire (multi-sourc\u00e9)<\/a><\/div>\n<\/div>\n\n\n\n<div style=\"height:20px\" aria-hidden=\"true\" class=\"wp-block-spacer\"><\/div>\n\n\n\n<p>Et vous aussi, vous pouvez y participer !<\/p>\n\n\n\n<div style=\"height:20px\" aria-hidden=\"true\" class=\"wp-block-spacer\"><\/div>\n\n\n\n<h5 class=\"wp-block-heading\"><strong><em>\ud83d\udca1 <strong>Comment aider les abeilles sauvages \u00e0 Saint\u2011Gilles ?<\/strong><\/em><\/strong><\/h5>\n\n\n\n<details class=\"wp-block-details is-layout-flow wp-block-details-is-layout-flow\"><summary>\ud83c\udf31 1. <strong>Z\u00e9ro pesticide !<\/strong><\/summary>\n<p>Les herbicides, insecticides et fongicides nuisent gravement \u00e0 la sant\u00e9 des abeilles.<br>Adoptez une gestion \u00e9cologique de votre jardin, de votre balcon ou m\u00eame de votre trottoir : <strong>pas de pesticides, jamais.<\/strong><\/p>\n\n\n\n<div style=\"height:0px\" aria-hidden=\"true\" class=\"wp-block-spacer\"><\/div>\n<\/details>\n\n\n\n<div style=\"height:20px\" aria-hidden=\"true\" class=\"wp-block-spacer\"><\/div>\n\n\n\n<details class=\"wp-block-details is-layout-flow wp-block-details-is-layout-flow\"><summary>\ud83c\udf3c 2. <strong>Offrir des fleurs\u2026 toute l\u2019ann\u00e9e<\/strong><\/summary>\n<p>Laissez pousser les fleurs sauvages et privil\u00e9giez les plantes locales (indig\u00e8nes) :<br>campanules, tr\u00e8fles, lamiac\u00e9es, pissenlits, sauges, centaur\u00e9es, ronces, lierre, etc.<\/p>\n\n\n\n<p>Choisissez des plantes qui produisent <strong>pollen et nectar en abondance<\/strong>, et si possible issues de cultures sans pesticides.<\/p>\n<\/details>\n\n\n\n<div style=\"height:20px\" aria-hidden=\"true\" class=\"wp-block-spacer\"><\/div>\n\n\n\n<details class=\"wp-block-details is-layout-flow wp-block-details-is-layout-flow\"><summary>\ud83e\udeb5 3. <strong>Cr\u00e9er des refuges pour la nidification<\/strong><\/summary>\n<p>Les abeilles ont besoin d\u2019habitats vari\u00e9s :<\/p>\n\n\n\n<ul class=\"wp-block-list\">\n<li>tas de bois mort<\/li>\n\n\n\n<li>tas de sable ou de terre bien expos\u00e9s<\/li>\n\n\n\n<li>tiges creuses ou \u00e0 moelle<\/li>\n\n\n\n<li>zones de sol nu<\/li>\n\n\n\n<li>talus ensoleill\u00e9s<\/li>\n<\/ul>\n\n\n\n<p>Ces am\u00e9nagements simples offrent un refuge pr\u00e9cieux \u00e0 de nombreuses esp\u00e8ces.<\/p>\n<\/details>\n\n\n\n<div style=\"height:20px\" aria-hidden=\"true\" class=\"wp-block-spacer\"><\/div>\n\n\n\n<details class=\"wp-block-details is-layout-flow wp-block-details-is-layout-flow\"><summary>\ud83d\udeb6\u200d\u2640\ufe0f 4. <strong>Observer et partager<\/strong><\/summary>\n<p>Enregistrer vos observations via l\u2019application <strong>ObsIdentify<\/strong> ou sur le site web <strong><a href=\"https:\/\/observations.be\/\" target=\"_blank\" rel=\"noopener\" title=\"\">observations.be<\/a><\/strong> contribue directement \u00e0 la connaissance de la faune bruxelloise.<\/p>\n<\/details>\n\n\n\n<div style=\"height:20px\" aria-hidden=\"true\" class=\"wp-block-spacer\"><\/div>\n\n\n\n<div class=\"wp-block-buttons is-content-justification-center is-layout-flex wp-container-core-buttons-is-layout-a89b3969 wp-block-buttons-is-layout-flex\">\n<div class=\"wp-block-button is-style-outline is-style-outline--4\"><a class=\"wp-block-button__link has-pale-ocean-gradient-background has-background wp-element-button\">D\u00e9couvrez les divers am\u00e9nagements<\/a><\/div>\n<\/div>\n\n\n\n<div style=\"height:20px\" aria-hidden=\"true\" class=\"wp-block-spacer\"><\/div>\n\n\n\n<h5 class=\"wp-block-heading\"><em><strong>\ud83c\udf3f <strong>Comment agit la Commune de Saint\u2011Gilles ?<\/strong><\/strong><\/em><\/h5>\n\n\n\n<p>La Commune de Saint\u2011Gilles g\u00e8re une grande partie des espaces publics\u202f: parcs, squares, rues, arbres en voirie, zones v\u00e9g\u00e9talis\u00e9es et nouveaux am\u00e9nagements urbains. \u00c0 travers le projet <strong>St\u2011Gilles For Bees<\/strong>, l\u2019administration communale s\u2019est engag\u00e9e \u00e0 rendre le territoire <strong>plus accueillant pour les abeilles sauvages et les pollinisateurs<\/strong>, en s\u2019appuyant sur une collaboration \u00e9troite entre plusieurs services\u202f:<\/p>\n\n\n\n<ul class=\"wp-block-list\">\n<li><strong>Le Service Climat &amp; Biodiversit\u00e9 (MaisonEcoHuis)<\/strong><\/li>\n\n\n\n<li><strong>Le Service des <a href=\"https:\/\/stgilles.brussels\/services\/espace-public\/espaces-publics-espaces-verts\/?term\" target=\"_blank\" rel=\"noopener\" title=\"\">Espaces verts<\/a><\/strong><\/li>\n\n\n\n<li><strong>Le Service des <a href=\"https:\/\/stgilles.brussels\/services\/espace-public\/espace-public\/\" target=\"_blank\" rel=\"noopener\" title=\"\">Espaces publics<\/a> \/ Voirie<\/strong><\/li>\n\n\n\n<li><strong>La <a href=\"https:\/\/stgilles.brussels\/services\/qualite-de-vie\/cellule-de-vegetalisation-urbaine\/\" target=\"_blank\" rel=\"noopener\" title=\"\">Cellule de V\u00e9g\u00e9talisation urbaine<\/a><\/strong><\/li>\n\n\n\n<li>Et divers partenaires institutionnels et associatifs, dont <strong>Apis Bruoc Sella<\/strong><\/li>\n<\/ul>\n\n\n\n<p>Ce travail de fond n\u2019est pas simple : Saint\u2011Gilles est <strong>tr\u00e8s dens\u00e9ment b\u00e2tie<\/strong>, la pression sur l\u2019espace public est importante, et certains am\u00e9nagements souffrent parfois de <strong>vandalisme ou d\u2019incivilit\u00e9s<\/strong>.<br>Malgr\u00e9 cela, la Commune poursuit un ensemble d\u2019actions concr\u00e8tes, structur\u00e9es et ambitieuses pour prot\u00e9ger les abeilles sauvages.<\/p>\n\n\n\n<p>D\u00e9couvrez les actions de l&rsquo;administration communale :<\/p>\n\n\n\n<details class=\"wp-block-details is-layout-flow wp-block-details-is-layout-flow\"><summary>La <strong>gestion \u00e9cologique<\/strong>, alli\u00e9e des abeilles<\/summary>\n<p>Les rues et les espaces verts de la commune sont g\u00e9r\u00e9s sans pesticide pour garantir la sant\u00e9 des habitant.e.s, mais aussi pour favoriser la biodiversit\u00e9. Plantation d&rsquo;arbres et de haies indig\u00e8nes, installation de bulbes et de massifs fleuris, mais aussi semis de prairies fleuries et fauche tardive des pelouses sont autant d&rsquo;am\u00e9nagements et de pratiques qui rendent la ville plus belle, plus respirable et plus accueillante pour la nature. M\u00eame les \u00ab herbes folles \u00bb, ces plantes sauvages qui poussent entre les dalles des trottoirs, ont un r\u00f4le \u00e0 jouer. Elles fournissent aux abeilles et autres insectes pollinisateurs de quoi se nourrir au fil des diff\u00e9rentes saisons.<\/p>\n\n\n\n<figure class=\"wp-block-gallery has-nested-images columns-4 is-cropped wp-block-gallery-5 is-layout-flex wp-block-gallery-is-layout-flex\">\n<figure class=\"wp-block-image size-large\"><img loading=\"lazy\" decoding=\"async\" width=\"1024\" height=\"768\" data-id=\"5889\" src=\"https:\/\/maisonecohuis.be\/wp-content\/uploads\/2026\/02\/Biodiversite-fleur-sur-pavedpi-1024x768.jpg\" alt=\"\" class=\"wp-image-5889\" srcset=\"https:\/\/maisonecohuis.be\/wp-content\/uploads\/2026\/02\/Biodiversite-fleur-sur-pavedpi-1024x768.jpg 1024w, https:\/\/maisonecohuis.be\/wp-content\/uploads\/2026\/02\/Biodiversite-fleur-sur-pavedpi-300x225.jpg 300w, https:\/\/maisonecohuis.be\/wp-content\/uploads\/2026\/02\/Biodiversite-fleur-sur-pavedpi-768x576.jpg 768w, https:\/\/maisonecohuis.be\/wp-content\/uploads\/2026\/02\/Biodiversite-fleur-sur-pavedpi-1536x1152.jpg 1536w, https:\/\/maisonecohuis.be\/wp-content\/uploads\/2026\/02\/Biodiversite-fleur-sur-pavedpi-2048x1536.jpg 2048w\" sizes=\"auto, (max-width: 1024px) 100vw, 1024px\" \/><\/figure>\n\n\n\n<figure class=\"wp-block-image size-large\"><img loading=\"lazy\" decoding=\"async\" width=\"640\" height=\"640\" data-id=\"93\" src=\"https:\/\/maisonecohuis.be\/wp-content\/uploads\/2018\/04\/fleur-pav\u00e9.jpg\" alt=\"\" class=\"wp-image-93\" srcset=\"https:\/\/maisonecohuis.be\/wp-content\/uploads\/2018\/04\/fleur-pav\u00e9.jpg 640w, https:\/\/maisonecohuis.be\/wp-content\/uploads\/2018\/04\/fleur-pav\u00e9-150x150.jpg 150w, https:\/\/maisonecohuis.be\/wp-content\/uploads\/2018\/04\/fleur-pav\u00e9-300x300.jpg 300w\" sizes=\"auto, (max-width: 640px) 100vw, 640px\" \/><\/figure>\n\n\n\n<figure class=\"wp-block-image size-large\"><img loading=\"lazy\" decoding=\"async\" width=\"1024\" height=\"576\" data-id=\"2554\" src=\"https:\/\/maisonecohuis.be\/wp-content\/uploads\/2022\/05\/IMG_20210310_110002645-1024x576.jpg\" alt=\"\" class=\"wp-image-2554\" srcset=\"https:\/\/maisonecohuis.be\/wp-content\/uploads\/2022\/05\/IMG_20210310_110002645-1024x576.jpg 1024w, https:\/\/maisonecohuis.be\/wp-content\/uploads\/2022\/05\/IMG_20210310_110002645-300x169.jpg 300w, https:\/\/maisonecohuis.be\/wp-content\/uploads\/2022\/05\/IMG_20210310_110002645-768x432.jpg 768w\" sizes=\"auto, (max-width: 1024px) 100vw, 1024px\" \/><\/figure>\n\n\n\n<figure class=\"wp-block-image size-large\"><img loading=\"lazy\" decoding=\"async\" width=\"810\" height=\"390\" data-id=\"1081\" src=\"https:\/\/maisonecohuis.be\/wp-content\/uploads\/2020\/10\/bdmr-copture.jpg\" alt=\"\" class=\"wp-image-1081\" srcset=\"https:\/\/maisonecohuis.be\/wp-content\/uploads\/2020\/10\/bdmr-copture.jpg 810w, https:\/\/maisonecohuis.be\/wp-content\/uploads\/2020\/10\/bdmr-copture-300x144.jpg 300w, https:\/\/maisonecohuis.be\/wp-content\/uploads\/2020\/10\/bdmr-copture-768x370.jpg 768w\" sizes=\"auto, (max-width: 810px) 100vw, 810px\" \/><\/figure>\n\n\n\n<figure class=\"wp-block-image size-large\"><img loading=\"lazy\" decoding=\"async\" width=\"565\" height=\"425\" data-id=\"5911\" src=\"https:\/\/maisonecohuis.be\/wp-content\/uploads\/2026\/02\/Vegetation-herbacee-paulus-1.jpg\" alt=\"\" class=\"wp-image-5911\" srcset=\"https:\/\/maisonecohuis.be\/wp-content\/uploads\/2026\/02\/Vegetation-herbacee-paulus-1.jpg 565w, https:\/\/maisonecohuis.be\/wp-content\/uploads\/2026\/02\/Vegetation-herbacee-paulus-1-300x226.jpg 300w\" sizes=\"auto, (max-width: 565px) 100vw, 565px\" \/><figcaption class=\"wp-element-caption\">Place Morichar<\/figcaption><\/figure>\n\n\n\n<figure class=\"wp-block-image size-large\"><img loading=\"lazy\" decoding=\"async\" width=\"768\" height=\"1024\" data-id=\"6022\" src=\"https:\/\/maisonecohuis.be\/wp-content\/uploads\/2026\/03\/20240722_115456-1-768x1024.jpg\" alt=\"\" class=\"wp-image-6022\" srcset=\"https:\/\/maisonecohuis.be\/wp-content\/uploads\/2026\/03\/20240722_115456-1-768x1024.jpg 768w, https:\/\/maisonecohuis.be\/wp-content\/uploads\/2026\/03\/20240722_115456-1-225x300.jpg 225w, https:\/\/maisonecohuis.be\/wp-content\/uploads\/2026\/03\/20240722_115456-1-1152x1536.jpg 1152w, https:\/\/maisonecohuis.be\/wp-content\/uploads\/2026\/03\/20240722_115456-1-1536x2048.jpg 1536w, https:\/\/maisonecohuis.be\/wp-content\/uploads\/2026\/03\/20240722_115456-1-scaled.jpg 1920w\" sizes=\"auto, (max-width: 768px) 100vw, 768px\" \/><figcaption class=\"wp-element-caption\">Cimeti\u00e8re de Saint-Gilles<\/figcaption><\/figure>\n\n\n\n<figure class=\"wp-block-image size-large\"><img loading=\"lazy\" decoding=\"async\" width=\"563\" height=\"424\" data-id=\"5912\" src=\"https:\/\/maisonecohuis.be\/wp-content\/uploads\/2026\/02\/Vegetation-herbacee-paulus-2.jpg\" alt=\"\" class=\"wp-image-5912\" srcset=\"https:\/\/maisonecohuis.be\/wp-content\/uploads\/2026\/02\/Vegetation-herbacee-paulus-2.jpg 563w, https:\/\/maisonecohuis.be\/wp-content\/uploads\/2026\/02\/Vegetation-herbacee-paulus-2-300x226.jpg 300w\" sizes=\"auto, (max-width: 563px) 100vw, 563px\" \/><figcaption class=\"wp-element-caption\">Place Morichar<\/figcaption><\/figure>\n\n\n\n<figure class=\"wp-block-image size-large\"><img loading=\"lazy\" decoding=\"async\" width=\"771\" height=\"1024\" data-id=\"6023\" src=\"https:\/\/maisonecohuis.be\/wp-content\/uploads\/2026\/03\/IMG_20240625_115807-1-771x1024.jpg\" alt=\"\" class=\"wp-image-6023\" srcset=\"https:\/\/maisonecohuis.be\/wp-content\/uploads\/2026\/03\/IMG_20240625_115807-1-771x1024.jpg 771w, https:\/\/maisonecohuis.be\/wp-content\/uploads\/2026\/03\/IMG_20240625_115807-1-226x300.jpg 226w, https:\/\/maisonecohuis.be\/wp-content\/uploads\/2026\/03\/IMG_20240625_115807-1-768x1020.jpg 768w, https:\/\/maisonecohuis.be\/wp-content\/uploads\/2026\/03\/IMG_20240625_115807-1-1157x1536.jpg 1157w, https:\/\/maisonecohuis.be\/wp-content\/uploads\/2026\/03\/IMG_20240625_115807-1-1542x2048.jpg 1542w, https:\/\/maisonecohuis.be\/wp-content\/uploads\/2026\/03\/IMG_20240625_115807-1-scaled.jpg 1928w\" sizes=\"auto, (max-width: 771px) 100vw, 771px\" \/><figcaption class=\"wp-element-caption\">Square J.Franck<\/figcaption><\/figure>\n\n\n\n<figure class=\"wp-block-image size-large\"><img loading=\"lazy\" decoding=\"async\" width=\"844\" height=\"646\" data-id=\"5872\" src=\"https:\/\/maisonecohuis.be\/wp-content\/uploads\/2026\/02\/herbes-folles.jpg\" alt=\"\" class=\"wp-image-5872\" srcset=\"https:\/\/maisonecohuis.be\/wp-content\/uploads\/2026\/02\/herbes-folles.jpg 844w, https:\/\/maisonecohuis.be\/wp-content\/uploads\/2026\/02\/herbes-folles-300x230.jpg 300w, https:\/\/maisonecohuis.be\/wp-content\/uploads\/2026\/02\/herbes-folles-768x588.jpg 768w\" sizes=\"auto, (max-width: 844px) 100vw, 844px\" \/><\/figure>\n<\/figure>\n<\/details>\n\n\n\n<div style=\"height:22px\" aria-hidden=\"true\" class=\"wp-block-spacer\"><\/div>\n\n\n\n<details class=\"wp-block-details is-layout-flow wp-block-details-is-layout-flow\"><summary>Les <strong>prairies fleuries<\/strong>, couleur et biodiversit\u00e9<\/summary>\n<p>Les rues et les espaces verts de la commune sont g\u00e9r\u00e9s sans pesticide pour garantir la sant\u00e9 des habitant.e.s, mais aussi pour favoriser la biodiversit\u00e9. Plantation d&rsquo;arbres et de haies indig\u00e8nes, installation de bulbes et de massifs fleuris, mais aussi semis de prairies fleuries et fauche tardive des pelouses sont autant d&rsquo;am\u00e9nagements et de pratiques qui rendent la ville plus belle, plus respirable et plus accueillante pour la nature. M\u00eame les \u00ab herbes folles \u00bb, ces plantes sauvages qui poussent entre les dalles des trottoirs, ont un r\u00f4le \u00e0 jouer. Elles fournissent aux abeilles et autres insectes pollinisateurs de quoi se nourrir au fil des diff\u00e9rentes saisons.<\/p>\n\n\n\n<figure class=\"wp-block-gallery has-nested-images columns-3 is-cropped wp-block-gallery-6 is-layout-flex wp-block-gallery-is-layout-flex\">\n<figure class=\"wp-block-image size-large\"><img loading=\"lazy\" decoding=\"async\" width=\"768\" height=\"1024\" data-id=\"6020\" src=\"https:\/\/maisonecohuis.be\/wp-content\/uploads\/2026\/03\/20240722_114634-1-768x1024.jpg\" alt=\"\" class=\"wp-image-6020\" srcset=\"https:\/\/maisonecohuis.be\/wp-content\/uploads\/2026\/03\/20240722_114634-1-768x1024.jpg 768w, https:\/\/maisonecohuis.be\/wp-content\/uploads\/2026\/03\/20240722_114634-1-225x300.jpg 225w, https:\/\/maisonecohuis.be\/wp-content\/uploads\/2026\/03\/20240722_114634-1-1152x1536.jpg 1152w, https:\/\/maisonecohuis.be\/wp-content\/uploads\/2026\/03\/20240722_114634-1-1536x2048.jpg 1536w, https:\/\/maisonecohuis.be\/wp-content\/uploads\/2026\/03\/20240722_114634-1-scaled.jpg 1920w\" sizes=\"auto, (max-width: 768px) 100vw, 768px\" \/><figcaption class=\"wp-element-caption\">Cimeti\u00e8re de St-Gilles<\/figcaption><\/figure>\n\n\n\n<figure class=\"wp-block-image size-large\"><img loading=\"lazy\" decoding=\"async\" width=\"1024\" height=\"871\" data-id=\"3836\" src=\"https:\/\/maisonecohuis.be\/wp-content\/uploads\/2024\/04\/20230522_152439-scaled-e1712668774105-1024x871.jpg\" alt=\"\" class=\"wp-image-3836\" srcset=\"https:\/\/maisonecohuis.be\/wp-content\/uploads\/2024\/04\/20230522_152439-scaled-e1712668774105-1024x871.jpg 1024w, https:\/\/maisonecohuis.be\/wp-content\/uploads\/2024\/04\/20230522_152439-scaled-e1712668774105-300x255.jpg 300w, https:\/\/maisonecohuis.be\/wp-content\/uploads\/2024\/04\/20230522_152439-scaled-e1712668774105-768x653.jpg 768w, https:\/\/maisonecohuis.be\/wp-content\/uploads\/2024\/04\/20230522_152439-scaled-e1712668774105-1536x1306.jpg 1536w, https:\/\/maisonecohuis.be\/wp-content\/uploads\/2024\/04\/20230522_152439-scaled-e1712668774105.jpg 1595w\" sizes=\"auto, (max-width: 1024px) 100vw, 1024px\" \/><figcaption class=\"wp-element-caption\">Avenue du Roi<\/figcaption><\/figure>\n\n\n\n<figure class=\"wp-block-image size-large\"><img loading=\"lazy\" decoding=\"async\" width=\"576\" height=\"1024\" data-id=\"5895\" src=\"https:\/\/maisonecohuis.be\/wp-content\/uploads\/2026\/02\/20230522_152840dpi-576x1024.jpg\" alt=\"\" class=\"wp-image-5895\" srcset=\"https:\/\/maisonecohuis.be\/wp-content\/uploads\/2026\/02\/20230522_152840dpi-576x1024.jpg 576w, https:\/\/maisonecohuis.be\/wp-content\/uploads\/2026\/02\/20230522_152840dpi-169x300.jpg 169w, https:\/\/maisonecohuis.be\/wp-content\/uploads\/2026\/02\/20230522_152840dpi-768x1365.jpg 768w, https:\/\/maisonecohuis.be\/wp-content\/uploads\/2026\/02\/20230522_152840dpi-864x1536.jpg 864w, https:\/\/maisonecohuis.be\/wp-content\/uploads\/2026\/02\/20230522_152840dpi-1152x2048.jpg 1152w, https:\/\/maisonecohuis.be\/wp-content\/uploads\/2026\/02\/20230522_152840dpi-scaled.jpg 1440w\" sizes=\"auto, (max-width: 576px) 100vw, 576px\" \/><figcaption class=\"wp-element-caption\">Avenue du Roi<\/figcaption><\/figure>\n\n\n\n<figure class=\"wp-block-image size-large\"><img loading=\"lazy\" decoding=\"async\" width=\"768\" height=\"1024\" data-id=\"6011\" src=\"https:\/\/maisonecohuis.be\/wp-content\/uploads\/2026\/03\/20250508_134011-1-768x1024.jpg\" alt=\"\" class=\"wp-image-6011\" srcset=\"https:\/\/maisonecohuis.be\/wp-content\/uploads\/2026\/03\/20250508_134011-1-768x1024.jpg 768w, https:\/\/maisonecohuis.be\/wp-content\/uploads\/2026\/03\/20250508_134011-1-225x300.jpg 225w, https:\/\/maisonecohuis.be\/wp-content\/uploads\/2026\/03\/20250508_134011-1-1152x1536.jpg 1152w, https:\/\/maisonecohuis.be\/wp-content\/uploads\/2026\/03\/20250508_134011-1-1536x2048.jpg 1536w, https:\/\/maisonecohuis.be\/wp-content\/uploads\/2026\/03\/20250508_134011-1-scaled.jpg 1920w\" sizes=\"auto, (max-width: 768px) 100vw, 768px\" \/><figcaption class=\"wp-element-caption\">Place Marie Janson<\/figcaption><\/figure>\n\n\n\n<figure class=\"wp-block-image size-large\"><img loading=\"lazy\" decoding=\"async\" width=\"576\" height=\"1024\" data-id=\"5960\" src=\"https:\/\/maisonecohuis.be\/wp-content\/uploads\/2026\/03\/Espace-Vert-1-576x1024.jpg\" alt=\"\" class=\"wp-image-5960\" srcset=\"https:\/\/maisonecohuis.be\/wp-content\/uploads\/2026\/03\/Espace-Vert-1-576x1024.jpg 576w, https:\/\/maisonecohuis.be\/wp-content\/uploads\/2026\/03\/Espace-Vert-1-169x300.jpg 169w, https:\/\/maisonecohuis.be\/wp-content\/uploads\/2026\/03\/Espace-Vert-1-768x1365.jpg 768w, https:\/\/maisonecohuis.be\/wp-content\/uploads\/2026\/03\/Espace-Vert-1-864x1536.jpg 864w, https:\/\/maisonecohuis.be\/wp-content\/uploads\/2026\/03\/Espace-Vert-1-1152x2048.jpg 1152w, https:\/\/maisonecohuis.be\/wp-content\/uploads\/2026\/03\/Espace-Vert-1-scaled.jpg 1440w\" sizes=\"auto, (max-width: 576px) 100vw, 576px\" \/><\/figure>\n\n\n\n<figure class=\"wp-block-image size-large\"><img loading=\"lazy\" decoding=\"async\" width=\"768\" height=\"1024\" data-id=\"2981\" src=\"https:\/\/maisonecohuis.be\/wp-content\/uploads\/2023\/04\/Apis_AbeilleSauvage_Cosmos-768x1024.jpeg\" alt=\"\" class=\"wp-image-2981\" srcset=\"https:\/\/maisonecohuis.be\/wp-content\/uploads\/2023\/04\/Apis_AbeilleSauvage_Cosmos.jpeg 768w, https:\/\/maisonecohuis.be\/wp-content\/uploads\/2023\/04\/Apis_AbeilleSauvage_Cosmos-225x300.jpeg 225w\" sizes=\"auto, (max-width: 768px) 100vw, 768px\" \/><\/figure>\n\n\n\n<figure class=\"wp-block-image size-large\"><img loading=\"lazy\" decoding=\"async\" width=\"1024\" height=\"586\" data-id=\"5867\" src=\"http:\/\/maisonecohuis.be\/wp-content\/uploads\/2026\/02\/Fleurs-1024x586.jpg\" alt=\"\" class=\"wp-image-5867\" srcset=\"https:\/\/maisonecohuis.be\/wp-content\/uploads\/2026\/02\/Fleurs-1024x586.jpg 1024w, https:\/\/maisonecohuis.be\/wp-content\/uploads\/2026\/02\/Fleurs-300x172.jpg 300w, https:\/\/maisonecohuis.be\/wp-content\/uploads\/2026\/02\/Fleurs-768x440.jpg 768w, https:\/\/maisonecohuis.be\/wp-content\/uploads\/2026\/02\/Fleurs.jpg 1123w\" sizes=\"auto, (max-width: 1024px) 100vw, 1024px\" \/><\/figure>\n<\/figure>\n<\/details>\n\n\n\n<div style=\"height:21px\" aria-hidden=\"true\" class=\"wp-block-spacer\"><\/div>\n\n\n\n<details class=\"wp-block-details is-layout-flow wp-block-details-is-layout-flow\"><summary>Des abeilles dans <strong>les trottoirs<\/strong> ! <\/summary>\n<p>70% abeilles sauvages sont terricoles, c&rsquo;est-\u00e0-dire qu&rsquo;elles font leur nid dans le sol. Elles s&rsquo;installent g\u00e9n\u00e9ralement dans des talus bien expos\u00e9s ou dans des pelouses clairsem\u00e9es, mais on peut aussi les apercevoir entre les dalles des trottoirs. Les abeilles creusent des galeries \u00e0 m\u00eame le sol ou \u00e0 travers les joints en sable des trottoirs. Elles pondent leurs oeufs dans de petites logettes et y d\u00e9posent du pollen dont se nourriront les larves. Le va et vient de ces abeilles terricoles au ras du sol ne dure que quelques semaines. Ne paniquez pas, c&rsquo;est sans danger !<\/p>\n\n\n\n<figure class=\"wp-block-gallery has-nested-images columns-default is-cropped wp-block-gallery-7 is-layout-flex wp-block-gallery-is-layout-flex\">\n<figure class=\"wp-block-image size-full\"><img loading=\"lazy\" decoding=\"async\" width=\"748\" height=\"749\" data-id=\"5906\" src=\"http:\/\/maisonecohuis.be\/wp-content\/uploads\/2026\/02\/nid-pl-morichar-3.jpg\" alt=\"\" class=\"wp-image-5906\" srcset=\"https:\/\/maisonecohuis.be\/wp-content\/uploads\/2026\/02\/nid-pl-morichar-3.jpg 748w, https:\/\/maisonecohuis.be\/wp-content\/uploads\/2026\/02\/nid-pl-morichar-3-300x300.jpg 300w, https:\/\/maisonecohuis.be\/wp-content\/uploads\/2026\/02\/nid-pl-morichar-3-150x150.jpg 150w\" sizes=\"auto, (max-width: 748px) 100vw, 748px\" \/><figcaption class=\"wp-element-caption\">Place Morichar<\/figcaption><\/figure>\n\n\n\n<figure class=\"wp-block-image size-full\"><img loading=\"lazy\" decoding=\"async\" width=\"749\" height=\"750\" data-id=\"5905\" src=\"http:\/\/maisonecohuis.be\/wp-content\/uploads\/2026\/02\/nid-pl-morichar-2.jpg\" alt=\"\" class=\"wp-image-5905\" srcset=\"https:\/\/maisonecohuis.be\/wp-content\/uploads\/2026\/02\/nid-pl-morichar-2.jpg 749w, https:\/\/maisonecohuis.be\/wp-content\/uploads\/2026\/02\/nid-pl-morichar-2-300x300.jpg 300w, https:\/\/maisonecohuis.be\/wp-content\/uploads\/2026\/02\/nid-pl-morichar-2-150x150.jpg 150w\" sizes=\"auto, (max-width: 749px) 100vw, 749px\" \/><figcaption class=\"wp-element-caption\">Place Morichar<\/figcaption><\/figure>\n\n\n\n<figure class=\"wp-block-image size-full\"><img loading=\"lazy\" decoding=\"async\" width=\"750\" height=\"748\" data-id=\"5904\" src=\"http:\/\/maisonecohuis.be\/wp-content\/uploads\/2026\/02\/nid-pl-morichar-1.jpg\" alt=\"\" class=\"wp-image-5904\" srcset=\"https:\/\/maisonecohuis.be\/wp-content\/uploads\/2026\/02\/nid-pl-morichar-1.jpg 750w, https:\/\/maisonecohuis.be\/wp-content\/uploads\/2026\/02\/nid-pl-morichar-1-300x300.jpg 300w, https:\/\/maisonecohuis.be\/wp-content\/uploads\/2026\/02\/nid-pl-morichar-1-150x150.jpg 150w\" sizes=\"auto, (max-width: 750px) 100vw, 750px\" \/><figcaption class=\"wp-element-caption\">Place Morichar<\/figcaption><\/figure>\n\n\n\n<figure class=\"wp-block-image size-full\"><img loading=\"lazy\" decoding=\"async\" width=\"609\" height=\"390\" data-id=\"5901\" src=\"http:\/\/maisonecohuis.be\/wp-content\/uploads\/2026\/02\/nidification-1.jpg\" alt=\"\" class=\"wp-image-5901\" srcset=\"https:\/\/maisonecohuis.be\/wp-content\/uploads\/2026\/02\/nidification-1.jpg 609w, https:\/\/maisonecohuis.be\/wp-content\/uploads\/2026\/02\/nidification-1-300x192.jpg 300w\" sizes=\"auto, (max-width: 609px) 100vw, 609px\" \/><\/figure>\n\n\n\n<figure class=\"wp-block-image size-full\"><img loading=\"lazy\" decoding=\"async\" width=\"703\" height=\"583\" data-id=\"5902\" src=\"http:\/\/maisonecohuis.be\/wp-content\/uploads\/2026\/02\/talus.jpg\" alt=\"\" class=\"wp-image-5902\" srcset=\"https:\/\/maisonecohuis.be\/wp-content\/uploads\/2026\/02\/talus.jpg 703w, https:\/\/maisonecohuis.be\/wp-content\/uploads\/2026\/02\/talus-300x249.jpg 300w\" sizes=\"auto, (max-width: 703px) 100vw, 703px\" \/><\/figure>\n<\/figure>\n<\/details>\n\n\n\n<div style=\"height:20px\" aria-hidden=\"true\" class=\"wp-block-spacer\"><\/div>\n\n\n\n<details class=\"wp-block-details is-layout-flow wp-block-details-is-layout-flow\"><summary>Les <strong>g\u00eetes<\/strong> \u00e0 insectes <\/summary>\n<p>Seul un tiers des abeilles sauvages niche dans les cavit\u00e9s, le bois ou les tiges creuses. La majorit\u00e9 des abeilles sauvages sont terricoles, elles font leur nid dans le sol. Installer des nichoirs \u00e0 insectes n&rsquo;est donc utile que pour une partie d&rsquo;entre elles.<br>L&rsquo;id\u00e9al est de leur proposer des b\u00fbches de bois dur perc\u00e9es de trous de diff\u00e9rents diam\u00e8tres, des petits fagots de tiges creuses (card\u00e8re, carotte sauvage &#8230; ) ou de tiges \u00e0 mo\u00eblle (sureau, framboisier &#8230; ), ou encore de les laisser coloniser les tiges de petits fruitiers ou de haies en limitant les tailles des arbustes et arbrisseaux.<\/p>\n\n\n\n<p>Les gros \u00ab h\u00f4tels \u00e0 insectes \u00bb peuvent \u00eatre int\u00e9ressants pour observer les diff\u00e9rentes esp\u00e8ces et leurs modes de vie, mais ils risquent de favoriser l&rsquo;apparition des pr\u00e9dateurs et le d\u00e9veloppement de maladies.<\/p>\n\n\n\n<figure class=\"wp-block-gallery has-nested-images columns-2 is-cropped wp-block-gallery-8 is-layout-flex wp-block-gallery-is-layout-flex\">\n<figure class=\"wp-block-image size-full\"><img loading=\"lazy\" decoding=\"async\" width=\"976\" height=\"731\" data-id=\"5896\" src=\"https:\/\/maisonecohuis.be\/wp-content\/uploads\/2026\/02\/nidification.jpg\" alt=\"\" class=\"wp-image-5896\" srcset=\"https:\/\/maisonecohuis.be\/wp-content\/uploads\/2026\/02\/nidification.jpg 976w, https:\/\/maisonecohuis.be\/wp-content\/uploads\/2026\/02\/nidification-300x225.jpg 300w, https:\/\/maisonecohuis.be\/wp-content\/uploads\/2026\/02\/nidification-768x575.jpg 768w\" sizes=\"auto, (max-width: 976px) 100vw, 976px\" \/><\/figure>\n\n\n\n<figure class=\"wp-block-image size-large\"><img loading=\"lazy\" decoding=\"async\" width=\"768\" height=\"1024\" data-id=\"5897\" src=\"https:\/\/maisonecohuis.be\/wp-content\/uploads\/2026\/02\/IMG_4071-768x1024.jpg\" alt=\"\" class=\"wp-image-5897\" srcset=\"https:\/\/maisonecohuis.be\/wp-content\/uploads\/2026\/02\/IMG_4071-768x1024.jpg 768w, https:\/\/maisonecohuis.be\/wp-content\/uploads\/2026\/02\/IMG_4071-225x300.jpg 225w, https:\/\/maisonecohuis.be\/wp-content\/uploads\/2026\/02\/IMG_4071-1152x1536.jpg 1152w, https:\/\/maisonecohuis.be\/wp-content\/uploads\/2026\/02\/IMG_4071-1536x2048.jpg 1536w, https:\/\/maisonecohuis.be\/wp-content\/uploads\/2026\/02\/IMG_4071-scaled.jpg 1920w\" sizes=\"auto, (max-width: 768px) 100vw, 768px\" \/><\/figure>\n\n\n\n<figure class=\"wp-block-image size-large\"><img loading=\"lazy\" decoding=\"async\" width=\"1024\" height=\"768\" data-id=\"6007\" src=\"https:\/\/maisonecohuis.be\/wp-content\/uploads\/2026\/03\/IMG_2338-1-1024x768.jpg\" alt=\"\" class=\"wp-image-6007\" srcset=\"https:\/\/maisonecohuis.be\/wp-content\/uploads\/2026\/03\/IMG_2338-1-1024x768.jpg 1024w, https:\/\/maisonecohuis.be\/wp-content\/uploads\/2026\/03\/IMG_2338-1-300x225.jpg 300w, https:\/\/maisonecohuis.be\/wp-content\/uploads\/2026\/03\/IMG_2338-1-768x576.jpg 768w, https:\/\/maisonecohuis.be\/wp-content\/uploads\/2026\/03\/IMG_2338-1-1536x1152.jpg 1536w, https:\/\/maisonecohuis.be\/wp-content\/uploads\/2026\/03\/IMG_2338-1-2048x1536.jpg 2048w\" sizes=\"auto, (max-width: 1024px) 100vw, 1024px\" \/><figcaption class=\"wp-element-caption\">Parc germeau<\/figcaption><\/figure>\n\n\n\n<figure class=\"wp-block-image size-large\"><img loading=\"lazy\" decoding=\"async\" width=\"768\" height=\"1024\" data-id=\"6015\" src=\"https:\/\/maisonecohuis.be\/wp-content\/uploads\/2026\/03\/IMG_4567-1-768x1024.jpg\" alt=\"\" class=\"wp-image-6015\" srcset=\"https:\/\/maisonecohuis.be\/wp-content\/uploads\/2026\/03\/IMG_4567-1-768x1024.jpg 768w, https:\/\/maisonecohuis.be\/wp-content\/uploads\/2026\/03\/IMG_4567-1-225x300.jpg 225w, https:\/\/maisonecohuis.be\/wp-content\/uploads\/2026\/03\/IMG_4567-1-1152x1536.jpg 1152w, https:\/\/maisonecohuis.be\/wp-content\/uploads\/2026\/03\/IMG_4567-1-1536x2048.jpg 1536w, https:\/\/maisonecohuis.be\/wp-content\/uploads\/2026\/03\/IMG_4567-1-scaled.jpg 1920w\" sizes=\"auto, (max-width: 768px) 100vw, 768px\" \/><\/figure>\n<\/figure>\n<\/details>\n\n\n\n<div style=\"height:22px\" aria-hidden=\"true\" class=\"wp-block-spacer\"><\/div>\n\n\n\n<details class=\"wp-block-details is-layout-flow wp-block-details-is-layout-flow\"><summary>Le <strong>bois mort<\/strong>, c&rsquo;est la vie <\/summary>\n<p>Seul un tiers des abeilles sauvages niche dans les cavit\u00e9s, le bois ou les tiges creuses. La majorit\u00e9 des abeilles sauvages sont terricoles, elles font leur nid dans le sol. Installer des nichoirs \u00e0 insectes n&rsquo;est donc utile que pour une partie d&rsquo;entre elles.<br>L&rsquo;id\u00e9al est de leur proposer des b\u00fbches de bois dur perc\u00e9es de trous de diff\u00e9rents diam\u00e8tres, des petits fagots de tiges creuses (card\u00e8re, carotte sauvage &#8230; ) ou de tiges \u00e0 mo\u00eblle (sureau, framboisier &#8230; ), ou encore de les laisser coloniser les tiges de petits fruitiers ou de haies en limitant les tailles des arbustes et arbrisseaux.<\/p>\n\n\n\n<p>Les gros \u00ab h\u00f4tels \u00e0 insectes \u00bb peuvent \u00eatre int\u00e9ressants pour observer les diff\u00e9rentes esp\u00e8ces et leurs modes de vie, mais ils risquent de favoriser l&rsquo;apparition des pr\u00e9dateurs et le d\u00e9veloppement de maladies.<\/p>\n\n\n\n<figure class=\"wp-block-gallery has-nested-images columns-2 is-cropped wp-block-gallery-9 is-layout-flex wp-block-gallery-is-layout-flex\">\n<figure class=\"wp-block-image size-large\"><img loading=\"lazy\" decoding=\"async\" width=\"564\" height=\"427\" data-id=\"5908\" src=\"https:\/\/maisonecohuis.be\/wp-content\/uploads\/2026\/02\/bois-mort-paulus-1.jpg\" alt=\"\" class=\"wp-image-5908\" srcset=\"https:\/\/maisonecohuis.be\/wp-content\/uploads\/2026\/02\/bois-mort-paulus-1.jpg 564w, https:\/\/maisonecohuis.be\/wp-content\/uploads\/2026\/02\/bois-mort-paulus-1-300x227.jpg 300w\" sizes=\"auto, (max-width: 564px) 100vw, 564px\" \/><figcaption class=\"wp-element-caption\">Parc Pierre Paulus<\/figcaption><\/figure>\n\n\n\n<figure class=\"wp-block-image size-large\"><img loading=\"lazy\" decoding=\"async\" width=\"566\" height=\"422\" data-id=\"5909\" src=\"https:\/\/maisonecohuis.be\/wp-content\/uploads\/2026\/02\/bois-mort-paulus-2.jpg\" alt=\"\" class=\"wp-image-5909\" srcset=\"https:\/\/maisonecohuis.be\/wp-content\/uploads\/2026\/02\/bois-mort-paulus-2.jpg 566w, https:\/\/maisonecohuis.be\/wp-content\/uploads\/2026\/02\/bois-mort-paulus-2-300x224.jpg 300w\" sizes=\"auto, (max-width: 566px) 100vw, 566px\" \/><figcaption class=\"wp-element-caption\">Parc Pierre Paulus<\/figcaption><\/figure>\n\n\n\n<figure class=\"wp-block-image size-full\"><img loading=\"lazy\" decoding=\"async\" width=\"916\" height=\"772\" data-id=\"5891\" src=\"http:\/\/maisonecohuis.be\/wp-content\/uploads\/2026\/02\/le-bois-mort.jpg\" alt=\"\" class=\"wp-image-5891\" srcset=\"https:\/\/maisonecohuis.be\/wp-content\/uploads\/2026\/02\/le-bois-mort.jpg 916w, https:\/\/maisonecohuis.be\/wp-content\/uploads\/2026\/02\/le-bois-mort-300x253.jpg 300w, https:\/\/maisonecohuis.be\/wp-content\/uploads\/2026\/02\/le-bois-mort-768x647.jpg 768w\" sizes=\"auto, (max-width: 916px) 100vw, 916px\" \/><\/figure>\n\n\n\n<figure class=\"wp-block-image size-large\"><img loading=\"lazy\" decoding=\"async\" width=\"500\" height=\"666\" data-id=\"5913\" src=\"https:\/\/maisonecohuis.be\/wp-content\/uploads\/2026\/02\/Bois-mort-loix.jpg\" alt=\"\" class=\"wp-image-5913\" srcset=\"https:\/\/maisonecohuis.be\/wp-content\/uploads\/2026\/02\/Bois-mort-loix.jpg 500w, https:\/\/maisonecohuis.be\/wp-content\/uploads\/2026\/02\/Bois-mort-loix-225x300.jpg 225w\" sizes=\"auto, (max-width: 500px) 100vw, 500px\" \/><figcaption class=\"wp-element-caption\">Place Loix<\/figcaption><\/figure>\n\n\n\n<figure class=\"wp-block-image size-large\"><img loading=\"lazy\" decoding=\"async\" width=\"1024\" height=\"381\" data-id=\"5914\" src=\"https:\/\/maisonecohuis.be\/wp-content\/uploads\/2026\/02\/bois-mort-mulitfonctionnel-bouvier-1024x381.jpg\" alt=\"\" class=\"wp-image-5914\" srcset=\"https:\/\/maisonecohuis.be\/wp-content\/uploads\/2026\/02\/bois-mort-mulitfonctionnel-bouvier-1024x381.jpg 1024w, https:\/\/maisonecohuis.be\/wp-content\/uploads\/2026\/02\/bois-mort-mulitfonctionnel-bouvier-300x112.jpg 300w, https:\/\/maisonecohuis.be\/wp-content\/uploads\/2026\/02\/bois-mort-mulitfonctionnel-bouvier-768x286.jpg 768w, https:\/\/maisonecohuis.be\/wp-content\/uploads\/2026\/02\/bois-mort-mulitfonctionnel-bouvier.jpg 1147w\" sizes=\"auto, (max-width: 1024px) 100vw, 1024px\" \/><figcaption class=\"wp-element-caption\">Parc Bouvier (cr\u00e9\u00e9 dans le cadre du projet Carbone)<\/figcaption><\/figure>\n<\/figure>\n<\/details>\n\n\n\n<div style=\"height:20px\" aria-hidden=\"true\" class=\"wp-block-spacer\"><\/div>\n\n\n\n<details class=\"wp-block-details is-layout-flow wp-block-details-is-layout-flow\"><summary>Les <strong>pieds d&rsquo;arbres<\/strong> fleuris <\/summary>\n<p>Installer des plantes mellif\u00e8res au pied des arbres \u00e9gaye la rue, nos sens et les insectes pollinisateurs. Les plantes mellif\u00e8res produisent du nectar et\/ou du pollen, nourriture exclusive pour les abeilles sauvages. Certaines esp\u00e8ces d&rsquo;abeilles consomment une large gamme de plantes ; elles sont g\u00e9n\u00e9ralistes. D&rsquo;autres, sp\u00e9cialistes, ont des pr\u00e9f\u00e9rences alimentaires plus marqu\u00e9es. Ainsi certains ch\u00e9lostomes, de petites abeilles de quelques millim\u00e8tres, ont besoin des fleurs de campanules pour assurer leur subsistance.<\/p>\n\n\n\n<p>Mixer les plantes au pied des arbres permet d&rsquo;accueillir tout au long de l&rsquo;ann\u00e9e les insectes butineurs : depuis les bulbes qui nourrissent les abeilles pr\u00e9coces comme les andr\u00e8nes et les anthophores en d\u00e9but de saison, aux bruy\u00e8res et callunes qui fleurissent \u00e0 l&rsquo;automne, en passant par les mauves qui ravissent bourdons et halictes durant l&rsquo;\u00e9t\u00e9.<\/p>\n\n\n\n<figure class=\"wp-block-gallery has-nested-images columns-2 is-cropped wp-block-gallery-10 is-layout-flex wp-block-gallery-is-layout-flex\">\n<figure class=\"wp-block-image size-large\"><img loading=\"lazy\" decoding=\"async\" width=\"1024\" height=\"768\" data-id=\"2459\" src=\"https:\/\/maisonecohuis.be\/wp-content\/uploads\/2022\/03\/IMG_8419-1-1024x768.jpg\" alt=\"\" class=\"wp-image-2459\" srcset=\"https:\/\/maisonecohuis.be\/wp-content\/uploads\/2022\/03\/IMG_8419-1-1024x768.jpg 1024w, https:\/\/maisonecohuis.be\/wp-content\/uploads\/2022\/03\/IMG_8419-1-300x225.jpg 300w, https:\/\/maisonecohuis.be\/wp-content\/uploads\/2022\/03\/IMG_8419-1-768x576.jpg 768w\" sizes=\"auto, (max-width: 1024px) 100vw, 1024px\" \/><\/figure>\n\n\n\n<figure class=\"wp-block-image size-large\"><img loading=\"lazy\" decoding=\"async\" width=\"1024\" height=\"768\" data-id=\"5970\" src=\"https:\/\/maisonecohuis.be\/wp-content\/uploads\/2026\/03\/CVU-2-1024x768.jpg\" alt=\"\" class=\"wp-image-5970\" srcset=\"https:\/\/maisonecohuis.be\/wp-content\/uploads\/2026\/03\/CVU-2-1024x768.jpg 1024w, https:\/\/maisonecohuis.be\/wp-content\/uploads\/2026\/03\/CVU-2-300x225.jpg 300w, https:\/\/maisonecohuis.be\/wp-content\/uploads\/2026\/03\/CVU-2-768x576.jpg 768w, https:\/\/maisonecohuis.be\/wp-content\/uploads\/2026\/03\/CVU-2-1536x1152.jpg 1536w, https:\/\/maisonecohuis.be\/wp-content\/uploads\/2026\/03\/CVU-2-2048x1536.jpg 2048w\" sizes=\"auto, (max-width: 1024px) 100vw, 1024px\" \/><\/figure>\n\n\n\n<figure class=\"wp-block-image size-large\"><img loading=\"lazy\" decoding=\"async\" width=\"1024\" height=\"768\" data-id=\"5973\" src=\"https:\/\/maisonecohuis.be\/wp-content\/uploads\/2026\/03\/CVU-4-1024x768.jpg\" alt=\"\" class=\"wp-image-5973\" srcset=\"https:\/\/maisonecohuis.be\/wp-content\/uploads\/2026\/03\/CVU-4-1024x768.jpg 1024w, https:\/\/maisonecohuis.be\/wp-content\/uploads\/2026\/03\/CVU-4-300x225.jpg 300w, https:\/\/maisonecohuis.be\/wp-content\/uploads\/2026\/03\/CVU-4-768x576.jpg 768w, https:\/\/maisonecohuis.be\/wp-content\/uploads\/2026\/03\/CVU-4-1536x1152.jpg 1536w, https:\/\/maisonecohuis.be\/wp-content\/uploads\/2026\/03\/CVU-4-2048x1536.jpg 2048w\" sizes=\"auto, (max-width: 1024px) 100vw, 1024px\" \/><\/figure>\n\n\n\n<figure class=\"wp-block-image size-large\"><img loading=\"lazy\" decoding=\"async\" width=\"768\" height=\"1024\" data-id=\"6014\" src=\"https:\/\/maisonecohuis.be\/wp-content\/uploads\/2026\/03\/IMG_4127-1-768x1024.jpg\" alt=\"\" class=\"wp-image-6014\" srcset=\"https:\/\/maisonecohuis.be\/wp-content\/uploads\/2026\/03\/IMG_4127-1-768x1024.jpg 768w, https:\/\/maisonecohuis.be\/wp-content\/uploads\/2026\/03\/IMG_4127-1-225x300.jpg 225w, https:\/\/maisonecohuis.be\/wp-content\/uploads\/2026\/03\/IMG_4127-1-1152x1536.jpg 1152w, https:\/\/maisonecohuis.be\/wp-content\/uploads\/2026\/03\/IMG_4127-1-1536x2048.jpg 1536w, https:\/\/maisonecohuis.be\/wp-content\/uploads\/2026\/03\/IMG_4127-1-scaled.jpg 1920w\" sizes=\"auto, (max-width: 768px) 100vw, 768px\" \/><\/figure>\n\n\n\n<figure class=\"wp-block-image size-large\"><img loading=\"lazy\" decoding=\"async\" width=\"1024\" height=\"753\" data-id=\"5865\" src=\"http:\/\/maisonecohuis.be\/wp-content\/uploads\/2026\/02\/Pied-darbre-1024x753.jpg\" alt=\"\" class=\"wp-image-5865\" srcset=\"https:\/\/maisonecohuis.be\/wp-content\/uploads\/2026\/02\/Pied-darbre-1024x753.jpg 1024w, https:\/\/maisonecohuis.be\/wp-content\/uploads\/2026\/02\/Pied-darbre-300x221.jpg 300w, https:\/\/maisonecohuis.be\/wp-content\/uploads\/2026\/02\/Pied-darbre-768x565.jpg 768w, https:\/\/maisonecohuis.be\/wp-content\/uploads\/2026\/02\/Pied-darbre.jpg 1048w\" sizes=\"auto, (max-width: 1024px) 100vw, 1024px\" \/><\/figure>\n\n\n\n<figure class=\"wp-block-image size-large\"><img loading=\"lazy\" decoding=\"async\" width=\"651\" height=\"796\" data-id=\"5892\" src=\"https:\/\/maisonecohuis.be\/wp-content\/uploads\/2026\/02\/legumineuses.jpg\" alt=\"\" class=\"wp-image-5892\" srcset=\"https:\/\/maisonecohuis.be\/wp-content\/uploads\/2026\/02\/legumineuses.jpg 651w, https:\/\/maisonecohuis.be\/wp-content\/uploads\/2026\/02\/legumineuses-245x300.jpg 245w\" sizes=\"auto, (max-width: 651px) 100vw, 651px\" \/><\/figure>\n<\/figure>\n<\/details>\n\n\n\n<div style=\"height:20px\" aria-hidden=\"true\" class=\"wp-block-spacer\"><\/div>\n\n\n\n<details class=\"wp-block-details is-layout-flow wp-block-details-is-layout-flow\"><summary><strong>Massifs bees-friendly <\/strong><\/summary>\n<p>Ce massif de fleurs a \u00e9t\u00e9 con\u00e7u pour soutenir les populations de pollinisateurs.<br>Les plantes install\u00e9es offrent des floraisons attractives tout au long de l&rsquo;ann\u00e9e :<br>bulbes et arbustes pour des floraisons de d\u00e9but de saison, des plantes vivaces qui s&rsquo;\u00e9panouissent au printemps ou durant l&rsquo;\u00e9t\u00e9.<br>Ces fleurs fournissent du pollen et du nectar, accessibles pour les abeilles \u00e0 langue longue et les abeilles \u00e0 langue courte.<br>Les plantes peuvent aussi fournir des mat\u00e9riaux de construction pour le nid des abeilles sauvages :<br>les tiges creuses de la card\u00e8re fournissent un nid pour les abeilles caulicoles,<br>les poils des feuilles de l&rsquo;\u00e9piaire de Byzance sont utilis\u00e9es par l&rsquo;anthidie \u00e0 manchettes pour faire son nid,<br>des bouts de feuilles circulaires sont d\u00e9coup\u00e9s par les abeilles tapissi\u00e8res pour &#8230; tapisser les bords de leur nid, &#8230;<br>Des b\u00fbches de bois ou des tas de sable leur fournissent des sites de nidification.<\/p>\n\n\n\n<figure class=\"wp-block-gallery has-nested-images columns-2 is-cropped wp-block-gallery-11 is-layout-flex wp-block-gallery-is-layout-flex\">\n<figure class=\"wp-block-image size-large\"><img loading=\"lazy\" decoding=\"async\" width=\"1024\" height=\"768\" data-id=\"5353\" src=\"https:\/\/maisonecohuis.be\/wp-content\/uploads\/2026\/01\/IMG_20230704_141319055dpi-1024x768.jpg\" alt=\"\" class=\"wp-image-5353\" srcset=\"https:\/\/maisonecohuis.be\/wp-content\/uploads\/2026\/01\/IMG_20230704_141319055dpi-1024x768.jpg 1024w, https:\/\/maisonecohuis.be\/wp-content\/uploads\/2026\/01\/IMG_20230704_141319055dpi-300x225.jpg 300w, https:\/\/maisonecohuis.be\/wp-content\/uploads\/2026\/01\/IMG_20230704_141319055dpi-768x576.jpg 768w, https:\/\/maisonecohuis.be\/wp-content\/uploads\/2026\/01\/IMG_20230704_141319055dpi-1536x1152.jpg 1536w, https:\/\/maisonecohuis.be\/wp-content\/uploads\/2026\/01\/IMG_20230704_141319055dpi-2048x1536.jpg 2048w\" sizes=\"auto, (max-width: 1024px) 100vw, 1024px\" \/><figcaption class=\"wp-element-caption\">Rue Crickx<\/figcaption><\/figure>\n\n\n\n<figure class=\"wp-block-image size-full\"><img loading=\"lazy\" decoding=\"async\" width=\"559\" height=\"421\" data-id=\"5900\" src=\"http:\/\/maisonecohuis.be\/wp-content\/uploads\/2026\/02\/massif-delporte.jpg\" alt=\"\" class=\"wp-image-5900\" srcset=\"https:\/\/maisonecohuis.be\/wp-content\/uploads\/2026\/02\/massif-delporte.jpg 559w, https:\/\/maisonecohuis.be\/wp-content\/uploads\/2026\/02\/massif-delporte-300x226.jpg 300w\" sizes=\"auto, (max-width: 559px) 100vw, 559px\" \/><figcaption class=\"wp-element-caption\">Place Delporte<\/figcaption><\/figure>\n\n\n\n<figure class=\"wp-block-image size-large\"><img loading=\"lazy\" decoding=\"async\" width=\"561\" height=\"421\" data-id=\"5899\" src=\"https:\/\/maisonecohuis.be\/wp-content\/uploads\/2026\/02\/massif-parc-bouvier.jpg\" alt=\"\" class=\"wp-image-5899\" srcset=\"https:\/\/maisonecohuis.be\/wp-content\/uploads\/2026\/02\/massif-parc-bouvier.jpg 561w, https:\/\/maisonecohuis.be\/wp-content\/uploads\/2026\/02\/massif-parc-bouvier-300x225.jpg 300w\" sizes=\"auto, (max-width: 561px) 100vw, 561px\" \/><figcaption class=\"wp-element-caption\">Jardin Victor Laveleye<\/figcaption><\/figure>\n\n\n\n<figure class=\"wp-block-image size-large\"><img loading=\"lazy\" decoding=\"async\" width=\"768\" height=\"1024\" data-id=\"5964\" src=\"https:\/\/maisonecohuis.be\/wp-content\/uploads\/2026\/03\/Espace-Vert-2-768x1024.jpg\" alt=\"\" class=\"wp-image-5964\" srcset=\"https:\/\/maisonecohuis.be\/wp-content\/uploads\/2026\/03\/Espace-Vert-2-768x1024.jpg 768w, https:\/\/maisonecohuis.be\/wp-content\/uploads\/2026\/03\/Espace-Vert-2-225x300.jpg 225w, https:\/\/maisonecohuis.be\/wp-content\/uploads\/2026\/03\/Espace-Vert-2-1152x1536.jpg 1152w, https:\/\/maisonecohuis.be\/wp-content\/uploads\/2026\/03\/Espace-Vert-2-1536x2048.jpg 1536w, https:\/\/maisonecohuis.be\/wp-content\/uploads\/2026\/03\/Espace-Vert-2-scaled.jpg 1920w\" sizes=\"auto, (max-width: 768px) 100vw, 768px\" \/><\/figure>\n\n\n\n<figure class=\"wp-block-image size-large\"><img loading=\"lazy\" decoding=\"async\" width=\"768\" height=\"1024\" data-id=\"5968\" src=\"https:\/\/maisonecohuis.be\/wp-content\/uploads\/2026\/03\/Espace-Vert-3-768x1024.jpg\" alt=\"\" class=\"wp-image-5968\" srcset=\"https:\/\/maisonecohuis.be\/wp-content\/uploads\/2026\/03\/Espace-Vert-3-768x1024.jpg 768w, https:\/\/maisonecohuis.be\/wp-content\/uploads\/2026\/03\/Espace-Vert-3-225x300.jpg 225w, https:\/\/maisonecohuis.be\/wp-content\/uploads\/2026\/03\/Espace-Vert-3-1152x1536.jpg 1152w, https:\/\/maisonecohuis.be\/wp-content\/uploads\/2026\/03\/Espace-Vert-3-1536x2048.jpg 1536w, https:\/\/maisonecohuis.be\/wp-content\/uploads\/2026\/03\/Espace-Vert-3-scaled.jpg 1920w\" sizes=\"auto, (max-width: 768px) 100vw, 768px\" \/><figcaption class=\"wp-element-caption\">Place Bethl\u00e9em<\/figcaption><\/figure>\n\n\n\n<figure class=\"wp-block-image size-large\"><img loading=\"lazy\" decoding=\"async\" width=\"1024\" height=\"768\" data-id=\"5969\" src=\"https:\/\/maisonecohuis.be\/wp-content\/uploads\/2026\/03\/PA_Russie3-1024x768.jpg\" alt=\"\" class=\"wp-image-5969\" srcset=\"https:\/\/maisonecohuis.be\/wp-content\/uploads\/2026\/03\/PA_Russie3-1024x768.jpg 1024w, https:\/\/maisonecohuis.be\/wp-content\/uploads\/2026\/03\/PA_Russie3-300x225.jpg 300w, https:\/\/maisonecohuis.be\/wp-content\/uploads\/2026\/03\/PA_Russie3-768x576.jpg 768w, https:\/\/maisonecohuis.be\/wp-content\/uploads\/2026\/03\/PA_Russie3-1536x1152.jpg 1536w, https:\/\/maisonecohuis.be\/wp-content\/uploads\/2026\/03\/PA_Russie3.jpg 1984w\" sizes=\"auto, (max-width: 1024px) 100vw, 1024px\" \/><figcaption class=\"wp-element-caption\">Rue de Russie<\/figcaption><\/figure>\n\n\n\n<figure class=\"wp-block-image size-large\"><img loading=\"lazy\" decoding=\"async\" width=\"485\" height=\"640\" data-id=\"6009\" src=\"https:\/\/maisonecohuis.be\/wp-content\/uploads\/2026\/03\/004.jpg\" alt=\"\" class=\"wp-image-6009\" srcset=\"https:\/\/maisonecohuis.be\/wp-content\/uploads\/2026\/03\/004.jpg 485w, https:\/\/maisonecohuis.be\/wp-content\/uploads\/2026\/03\/004-227x300.jpg 227w\" sizes=\"auto, (max-width: 485px) 100vw, 485px\" \/><figcaption class=\"wp-element-caption\">Place des deux bancs<\/figcaption><\/figure>\n\n\n\n<figure class=\"wp-block-image size-large\"><img loading=\"lazy\" decoding=\"async\" width=\"768\" height=\"1024\" data-id=\"6013\" src=\"https:\/\/maisonecohuis.be\/wp-content\/uploads\/2026\/03\/IMG_4378-1-768x1024.jpg\" alt=\"\" class=\"wp-image-6013\" srcset=\"https:\/\/maisonecohuis.be\/wp-content\/uploads\/2026\/03\/IMG_4378-1-768x1024.jpg 768w, https:\/\/maisonecohuis.be\/wp-content\/uploads\/2026\/03\/IMG_4378-1-225x300.jpg 225w, https:\/\/maisonecohuis.be\/wp-content\/uploads\/2026\/03\/IMG_4378-1-1152x1536.jpg 1152w, https:\/\/maisonecohuis.be\/wp-content\/uploads\/2026\/03\/IMG_4378-1-1536x2048.jpg 1536w, https:\/\/maisonecohuis.be\/wp-content\/uploads\/2026\/03\/IMG_4378-1-scaled.jpg 1920w\" sizes=\"auto, (max-width: 768px) 100vw, 768px\" \/><figcaption class=\"wp-element-caption\">Cour du centre culturel J.Franck<\/figcaption><\/figure>\n\n\n\n<figure class=\"wp-block-image size-large\"><img loading=\"lazy\" decoding=\"async\" width=\"1024\" height=\"587\" data-id=\"5864\" src=\"http:\/\/maisonecohuis.be\/wp-content\/uploads\/2026\/02\/Massif-floral-1024x587.jpg\" alt=\"\" class=\"wp-image-5864\" srcset=\"https:\/\/maisonecohuis.be\/wp-content\/uploads\/2026\/02\/Massif-floral-1024x587.jpg 1024w, https:\/\/maisonecohuis.be\/wp-content\/uploads\/2026\/02\/Massif-floral-300x172.jpg 300w, https:\/\/maisonecohuis.be\/wp-content\/uploads\/2026\/02\/Massif-floral-768x440.jpg 768w, https:\/\/maisonecohuis.be\/wp-content\/uploads\/2026\/02\/Massif-floral.jpg 1078w\" sizes=\"auto, (max-width: 1024px) 100vw, 1024px\" \/><\/figure>\n<\/figure>\n<\/details>\n\n\n\n<div style=\"height:22px\" aria-hidden=\"true\" class=\"wp-block-spacer\"><\/div>\n\n\n\n<details class=\"wp-block-details is-layout-flow wp-block-details-is-layout-flow\"><summary>Les <strong>haies<\/strong>, alli\u00e9es de la biodiversit\u00e9<\/summary>\n<p>Aub\u00e9pine, tro\u00e8ne, noisetier, groseiller, cornouiller &#8230; il existe de nombreuses vari\u00e9t\u00e9s de plantes indig\u00e8nes \u00e0 combiner pour cr\u00e9er des haies refuges de biodiversit\u00e9.<br>Les plantes indig\u00e8nes sont adapt\u00e9es au climat et aux sols de nos r\u00e9gions.<br>En r\u00e9duisant la taille des haies, on permet aux arbustes de faire des fleurs puis des fruits qui nourrissent insectes et oiseaux.<br>On cr\u00e9e aussi des lieux propices \u00e0 cette petite faune en recherche de g\u00eetes ou d&rsquo;abris.<br>Certaines abeilles sauvages installent par exemple leurs \u0153ufs dans les tiges \u00e0 mo\u00eblle de sureau au printemps.<br>La prog\u00e9niture, devenue adulte \u00e0 son tour, \u00e9merge l&rsquo;ann\u00e9e suivante et recommence un nouveau cycle.<\/p>\n\n\n\n<figure class=\"wp-block-gallery has-nested-images columns-2 is-cropped wp-block-gallery-12 is-layout-flex wp-block-gallery-is-layout-flex\">\n<figure class=\"wp-block-image size-large\"><img loading=\"lazy\" decoding=\"async\" width=\"768\" height=\"1024\" data-id=\"4530\" src=\"https:\/\/maisonecohuis.be\/wp-content\/uploads\/2025\/01\/Fontainas2-768x1024.jpg\" alt=\"\" class=\"wp-image-4530\" srcset=\"https:\/\/maisonecohuis.be\/wp-content\/uploads\/2025\/01\/Fontainas2-768x1024.jpg 768w, https:\/\/maisonecohuis.be\/wp-content\/uploads\/2025\/01\/Fontainas2-225x300.jpg 225w, https:\/\/maisonecohuis.be\/wp-content\/uploads\/2025\/01\/Fontainas2-1152x1536.jpg 1152w, https:\/\/maisonecohuis.be\/wp-content\/uploads\/2025\/01\/Fontainas2.jpg 1440w\" sizes=\"auto, (max-width: 768px) 100vw, 768px\" \/><figcaption class=\"wp-element-caption\">Square Jacques Franck<\/figcaption><\/figure>\n\n\n\n<figure class=\"wp-block-image size-full\"><img loading=\"lazy\" decoding=\"async\" width=\"901\" height=\"505\" data-id=\"5975\" src=\"https:\/\/maisonecohuis.be\/wp-content\/uploads\/2026\/03\/haie-vive-cimetiere.jpg\" alt=\"\" class=\"wp-image-5975\" srcset=\"https:\/\/maisonecohuis.be\/wp-content\/uploads\/2026\/03\/haie-vive-cimetiere.jpg 901w, https:\/\/maisonecohuis.be\/wp-content\/uploads\/2026\/03\/haie-vive-cimetiere-300x168.jpg 300w, https:\/\/maisonecohuis.be\/wp-content\/uploads\/2026\/03\/haie-vive-cimetiere-768x430.jpg 768w\" sizes=\"auto, (max-width: 901px) 100vw, 901px\" \/><figcaption class=\"wp-element-caption\">Cimeti\u00e8re<\/figcaption><\/figure>\n\n\n\n<figure class=\"wp-block-image size-large\"><img loading=\"lazy\" decoding=\"async\" width=\"1024\" height=\"330\" data-id=\"5866\" src=\"http:\/\/maisonecohuis.be\/wp-content\/uploads\/2026\/02\/Haies-gourmandes-1024x330.jpg\" alt=\"\" class=\"wp-image-5866\" srcset=\"https:\/\/maisonecohuis.be\/wp-content\/uploads\/2026\/02\/Haies-gourmandes-1024x330.jpg 1024w, https:\/\/maisonecohuis.be\/wp-content\/uploads\/2026\/02\/Haies-gourmandes-300x97.jpg 300w, https:\/\/maisonecohuis.be\/wp-content\/uploads\/2026\/02\/Haies-gourmandes-768x247.jpg 768w, https:\/\/maisonecohuis.be\/wp-content\/uploads\/2026\/02\/Haies-gourmandes-1536x494.jpg 1536w, https:\/\/maisonecohuis.be\/wp-content\/uploads\/2026\/02\/Haies-gourmandes.jpg 1578w\" sizes=\"auto, (max-width: 1024px) 100vw, 1024px\" \/><\/figure>\n<\/figure>\n<\/details>\n\n\n\n<div style=\"height:20px\" aria-hidden=\"true\" class=\"wp-block-spacer\"><\/div>\n\n\n\n<details class=\"wp-block-details is-layout-flow wp-block-details-is-layout-flow\"><summary>Des plantes&#8230; <strong>sur les fa\u00e7ades<\/strong> !<\/summary>\n<p>Les plantes grimpantes sont un \u00e9l\u00e9ment essentiel pour la ville ;<br>elles rendent de nombreux services \u00e0 toutes ses habitant.es.<br>Leur feuillage filtre les polluants de l&rsquo;air et r\u00e9gule la temp\u00e9rature,<br>contribuant \u00e0 rafraichir l&rsquo;atmosph\u00e8re durant les p\u00e9riodes chaudes.<br>Leurs fleurs fournissent nectar et pollen aux insectes et leurs fruits<br>des ressources aux oiseaux.<\/p>\n\n\n\n<p>Privil\u00e9gions les plantes grimpantes indig\u00e8nes, particuli\u00e8rement<br>adapt\u00e9es \u00e0 la faune locale : la cl\u00e9matite des haies, le ch\u00e8vrefeuille<br>des bois, mais aussi le lierre grimpant. Le feuillage dense du lierre<br>fournit halte et abri aux m\u00e9sanges et moineaux et ses fleurs<br>donnent du pollen indispensable au bon d\u00e9veloppement des larves<br>de coll\u00e8tes du lierre, une abeille sauvage terricole qui \u00e9merge \u00e0 la<br>fin de l&rsquo;\u00e9t\u00e9. Enfin, ses fruits, des baies noires, alimentent certains<br>oiseaux frugivores durant l&rsquo;hiver.<\/p>\n\n\n\n<figure class=\"wp-block-gallery has-nested-images columns-default is-cropped wp-block-gallery-13 is-layout-flex wp-block-gallery-is-layout-flex\">\n<figure class=\"wp-block-image size-large\"><img loading=\"lazy\" decoding=\"async\" width=\"480\" height=\"640\" data-id=\"6004\" src=\"https:\/\/maisonecohuis.be\/wp-content\/uploads\/2026\/03\/IMG_1787-rotated.jpg\" alt=\"\" class=\"wp-image-6004\" srcset=\"https:\/\/maisonecohuis.be\/wp-content\/uploads\/2026\/03\/IMG_1787-rotated.jpg 480w, https:\/\/maisonecohuis.be\/wp-content\/uploads\/2026\/03\/IMG_1787-225x300.jpg 225w\" sizes=\"auto, (max-width: 480px) 100vw, 480px\" \/><\/figure>\n\n\n\n<figure class=\"wp-block-image size-full\"><img loading=\"lazy\" decoding=\"async\" width=\"483\" height=\"739\" data-id=\"5893\" src=\"http:\/\/maisonecohuis.be\/wp-content\/uploads\/2026\/02\/plante-grimpante.jpg\" alt=\"\" class=\"wp-image-5893\" srcset=\"https:\/\/maisonecohuis.be\/wp-content\/uploads\/2026\/02\/plante-grimpante.jpg 483w, https:\/\/maisonecohuis.be\/wp-content\/uploads\/2026\/02\/plante-grimpante-196x300.jpg 196w\" sizes=\"auto, (max-width: 483px) 100vw, 483px\" \/><\/figure>\n<\/figure>\n<\/details>\n\n\n\n<div style=\"height:20px\" aria-hidden=\"true\" class=\"wp-block-spacer\"><\/div>\n\n\n\n<details class=\"wp-block-details is-layout-flow wp-block-details-is-layout-flow\"><summary>Une <strong>spirale \u00e0 aromatique<\/strong>&#8230; et \u00e0 insectes<\/summary>\n<p>La spirale d&rsquo;aromatiques est un am\u00e9nagement d\u00e9velopp\u00e9 en Grande-Bretagne afin de faciliter la culture de plantes aromatiques de garrigue dans des r\u00e9gions humides.<br>L&rsquo;orientation de la structure et le substrat drainant combin\u00e9s aux pierres composant les murs cr\u00e9ent un milieu suffisamment sec et chaud pour cultiver des plantes m\u00e9ridionales comme le thym, le romarin, la sauge.<br>Les fleurs de ces plantes fournissent du nectar et un peu de pollen aux abeilles sauvages.<\/p>\n\n\n\n<p>En laissant le sol partiellement nu et en ins\u00e9rant dans les murs de la spirale des fagots de tiges creuses et de tiges \u00e0 mo\u00eblle, ainsi que des b\u00fbches de bois dur perc\u00e9es de trous, on fournit en outre le g\u00eete aux abeilles sauvages !<br>Un <strong>bed and breakfast 5 \u00e9toiles<\/strong> pour ces pr\u00e9cieux pollinisateurs !<\/p>\n\n\n\n<figure class=\"wp-block-gallery has-nested-images columns-1 is-cropped wp-block-gallery-14 is-layout-flex wp-block-gallery-is-layout-flex\">\n<figure class=\"wp-block-image size-large\"><img loading=\"lazy\" decoding=\"async\" width=\"768\" height=\"1024\" data-id=\"6012\" src=\"https:\/\/maisonecohuis.be\/wp-content\/uploads\/2026\/03\/20250515_134448-1-768x1024.jpg\" alt=\"\" class=\"wp-image-6012\" srcset=\"https:\/\/maisonecohuis.be\/wp-content\/uploads\/2026\/03\/20250515_134448-1-768x1024.jpg 768w, https:\/\/maisonecohuis.be\/wp-content\/uploads\/2026\/03\/20250515_134448-1-225x300.jpg 225w, https:\/\/maisonecohuis.be\/wp-content\/uploads\/2026\/03\/20250515_134448-1-1152x1536.jpg 1152w, https:\/\/maisonecohuis.be\/wp-content\/uploads\/2026\/03\/20250515_134448-1-1536x2048.jpg 1536w, https:\/\/maisonecohuis.be\/wp-content\/uploads\/2026\/03\/20250515_134448-1-scaled.jpg 1920w\" sizes=\"auto, (max-width: 768px) 100vw, 768px\" \/><\/figure>\n\n\n\n<figure class=\"wp-block-image size-large\"><img loading=\"lazy\" decoding=\"async\" width=\"1024\" height=\"332\" data-id=\"5868\" src=\"http:\/\/maisonecohuis.be\/wp-content\/uploads\/2026\/02\/Spirale-aromatique-1024x332.jpg\" alt=\"\" class=\"wp-image-5868\" srcset=\"https:\/\/maisonecohuis.be\/wp-content\/uploads\/2026\/02\/Spirale-aromatique-1024x332.jpg 1024w, https:\/\/maisonecohuis.be\/wp-content\/uploads\/2026\/02\/Spirale-aromatique-300x97.jpg 300w, https:\/\/maisonecohuis.be\/wp-content\/uploads\/2026\/02\/Spirale-aromatique-768x249.jpg 768w, https:\/\/maisonecohuis.be\/wp-content\/uploads\/2026\/02\/Spirale-aromatique.jpg 1345w\" sizes=\"auto, (max-width: 1024px) 100vw, 1024px\" \/><\/figure>\n<\/figure>\n<\/details>\n","protected":false},"excerpt":{"rendered":"<p>Les abeilles nous rendent chaque jour des services essentiels. En visitant les fleurs pour y r\u00e9colter du pollen et du nectar, elles transportent involontairement le [&hellip;] <span class=\"read-more-link\"><a class=\"read-more\" href=\"https:\/\/maisonecohuis.be\/?page_id=2949\">Read More<\/a><\/span><\/p>\n","protected":false},"author":1,"featured_media":0,"parent":0,"menu_order":0,"comment_status":"closed","ping_status":"closed","template":"","meta":{"om_disable_all_campaigns":false,"_monsterinsights_skip_tracking":false,"_monsterinsights_sitenote_active":false,"_monsterinsights_sitenote_note":"","_monsterinsights_sitenote_category":0,"_uf_show_specific_survey":0,"_uf_disable_surveys":false,"footnotes":""},"class_list":["post-2949","page","type-page","status-publish","hentry"],"aioseo_notices":[],"_links":{"self":[{"href":"https:\/\/maisonecohuis.be\/index.php?rest_route=\/wp\/v2\/pages\/2949","targetHints":{"allow":["GET"]}}],"collection":[{"href":"https:\/\/maisonecohuis.be\/index.php?rest_route=\/wp\/v2\/pages"}],"about":[{"href":"https:\/\/maisonecohuis.be\/index.php?rest_route=\/wp\/v2\/types\/page"}],"author":[{"embeddable":true,"href":"https:\/\/maisonecohuis.be\/index.php?rest_route=\/wp\/v2\/users\/1"}],"replies":[{"embeddable":true,"href":"https:\/\/maisonecohuis.be\/index.php?rest_route=%2Fwp%2Fv2%2Fcomments&post=2949"}],"version-history":[{"count":62,"href":"https:\/\/maisonecohuis.be\/index.php?rest_route=\/wp\/v2\/pages\/2949\/revisions"}],"predecessor-version":[{"id":6024,"href":"https:\/\/maisonecohuis.be\/index.php?rest_route=\/wp\/v2\/pages\/2949\/revisions\/6024"}],"wp:attachment":[{"href":"https:\/\/maisonecohuis.be\/index.php?rest_route=%2Fwp%2Fv2%2Fmedia&parent=2949"}],"curies":[{"name":"wp","href":"https:\/\/api.w.org\/{rel}","templated":true}]}}