{"id":1355,"date":"2021-02-12T14:29:37","date_gmt":"2021-02-12T13:29:37","guid":{"rendered":"http:\/\/maisonecohuis.be\/?page_id=1355"},"modified":"2021-02-12T14:29:37","modified_gmt":"2021-02-12T13:29:37","slug":"vollenbike-2","status":"publish","type":"page","link":"https:\/\/maisonecohuis.be\/?page_id=1355","title":{"rendered":"Vollenbike"},"content":{"rendered":"<p>C\u2019est devenu un rendez-vous incontournable de la sensibilisation \u00e0 l\u2019usage du v\u00e9lo. L&rsquo;\u00e9v\u00e8nement VollenBike se d\u00e9roule chaque ann\u00e9e tous les mercredis apr\u00e8s-midi du mois de mai sur la place Morichar\u00a0!<\/p>\n<p>Au programme (selon les ann\u00e9es) : <strong>cours de v\u00e9los<\/strong> (initiation et maitrise)\u00a0 pour enfants \u00e0 partir de 14h30 (si votre enfant a d\u00e9j\u00e0 un v\u00e9lo, merci de le prendre avec vous) \u2013 <strong>atelier r\u00e9paration<\/strong> pour tous \u2013 <strong>animations<\/strong> et <strong>infos, projections vid\u00e9os, bourse aux v\u00e9los&#8230;<\/strong><\/p>\n<p><a href=\"https:\/\/www.facebook.com\/Vollenbike-Saint-Gilles-133908803947480\/\" target=\"_blank\" rel=\"noopener\">Page facebook de l&rsquo;\u00e9v\u00e9nement<\/a><\/p>\n<p><img loading=\"lazy\" decoding=\"async\" class=\"alignnone  wp-image-1046\" src=\"http:\/\/maisonecohuis.be\/wp-content\/uploads\/2020\/10\/affiche-vollebnbike.jpg\" alt=\"\" width=\"307\" height=\"431\" srcset=\"https:\/\/maisonecohuis.be\/wp-content\/uploads\/2020\/10\/affiche-vollebnbike.jpg 664w, https:\/\/maisonecohuis.be\/wp-content\/uploads\/2020\/10\/affiche-vollebnbike-214x300.jpg 214w\" sizes=\"auto, (max-width: 307px) 100vw, 307px\" \/>\u00a0\u00a0<img loading=\"lazy\" decoding=\"async\" class=\"alignnone  wp-image-271\" src=\"http:\/\/maisonecohuis.be\/wp-content\/uploads\/2018\/04\/affiche-light-1.jpg\" alt=\"\" width=\"307\" height=\"432\" srcset=\"https:\/\/maisonecohuis.be\/wp-content\/uploads\/2018\/04\/affiche-light-1.jpg 3579w, https:\/\/maisonecohuis.be\/wp-content\/uploads\/2018\/04\/affiche-light-1-213x300.jpg 213w, https:\/\/maisonecohuis.be\/wp-content\/uploads\/2018\/04\/affiche-light-1-768x1080.jpg 768w, https:\/\/maisonecohuis.be\/wp-content\/uploads\/2018\/04\/affiche-light-1-728x1024.jpg 728w\" sizes=\"auto, (max-width: 307px) 100vw, 307px\" \/><\/p>\n","protected":false},"excerpt":{"rendered":"<p>C\u2019est devenu un rendez-vous incontournable de la sensibilisation \u00e0 l\u2019usage du v\u00e9lo. L&rsquo;\u00e9v\u00e8nement VollenBike se d\u00e9roule chaque ann\u00e9e tous les mercredis apr\u00e8s-midi du mois de [&hellip;] <span class=\"read-more-link\"><a class=\"read-more\" href=\"https:\/\/maisonecohuis.be\/?page_id=1355\">Read More<\/a><\/span><\/p>\n","protected":false},"author":1,"featured_media":0,"parent":0,"menu_order":0,"comment_status":"closed","ping_status":"closed","template":"","meta":{"om_disable_all_campaigns":false,"_monsterinsights_skip_tracking":false,"_monsterinsights_sitenote_active":false,"_monsterinsights_sitenote_note":"","_monsterinsights_sitenote_category":0,"_uf_show_specific_survey":0,"_uf_disable_surveys":false,"footnotes":""},"class_list":["post-1355","page","type-page","status-publish","hentry"],"aioseo_notices":[],"_links":{"self":[{"href":"https:\/\/maisonecohuis.be\/index.php?rest_route=\/wp\/v2\/pages\/1355","targetHints":{"allow":["GET"]}}],"collection":[{"href":"https:\/\/maisonecohuis.be\/index.php?rest_route=\/wp\/v2\/pages"}],"about":[{"href":"https:\/\/maisonecohuis.be\/index.php?rest_route=\/wp\/v2\/types\/page"}],"author":[{"embeddable":true,"href":"https:\/\/maisonecohuis.be\/index.php?rest_route=\/wp\/v2\/users\/1"}],"replies":[{"embeddable":true,"href":"https:\/\/maisonecohuis.be\/index.php?rest_route=%2Fwp%2Fv2%2Fcomments&post=1355"}],"version-history":[{"count":2,"href":"https:\/\/maisonecohuis.be\/index.php?rest_route=\/wp\/v2\/pages\/1355\/revisions"}],"predecessor-version":[{"id":1357,"href":"https:\/\/maisonecohuis.be\/index.php?rest_route=\/wp\/v2\/pages\/1355\/revisions\/1357"}],"wp:attachment":[{"href":"https:\/\/maisonecohuis.be\/index.php?rest_route=%2Fwp%2Fv2%2Fmedia&parent=1355"}],"curies":[{"name":"wp","href":"https:\/\/api.w.org\/{rel}","templated":true}]}}